{"id":24581,"date":"2014-09-24T21:42:03","date_gmt":"2014-09-24T20:42:03","guid":{"rendered":"http:\/\/cuizine.be\/fr\/?page_id=24581"},"modified":"2019-12-09T14:25:32","modified_gmt":"2019-12-09T13:25:32","slug":"home","status":"publish","type":"page","link":"https:\/\/cuizine.be\/fr\/","title":{"rendered":"Home"},"content":{"rendered":"<div id=\"tdi_1_e5c\" class=\"tdc-zone\"><div class=\"tdc_zone tdi_2_cc9  wpb_row td-pb-row\"  >\n<style scoped>\n\n\/* custom css *\/\n.tdi_2_cc9{\r\n                    min-height: 0;\r\n                }\n<\/style><div id=\"tdi_3_e88\" class=\"tdc-row stretch_row_content td-stretch-content\"><div class=\"vc_row tdi_4_c85  wpb_row td-pb-row\" >\n<style scoped>\n\n\/* custom css *\/\n.tdi_4_c85{\r\n                    min-height: 0;\r\n                }\n<\/style><div class=\"vc_column tdi_6_c5a  wpb_column vc_column_container tdc-column td-pb-span12\">\n<style scoped>\n\n\/* custom css *\/\n.tdi_6_c5a{\r\n                    vertical-align: baseline;\r\n                }\n<\/style><div class=\"wpb_wrapper\"><\/div><\/div><\/div><\/div><div id=\"tdi_7_6c5\" class=\"tdc-row\"><div class=\"vc_row tdi_8_b56  wpb_row td-pb-row\" >\n<style scoped>\n\n\/* custom css *\/\n.tdi_8_b56{\r\n                    min-height: 0;\r\n                }\n<\/style><div class=\"vc_column tdi_10_6cf  wpb_column vc_column_container tdc-column td-pb-span12\">\n<style scoped>\n\n\/* custom css *\/\n.tdi_10_6cf{\r\n                    vertical-align: baseline;\r\n                }\n<\/style><div class=\"wpb_wrapper\"><div class=\"td_block_wrap td_block_big_grid_fl_8 tdi_11_665 td-grid-style-1 td-hover-1 td-big-grids-fl td-big-grids-scroll td-big-grids-margin td-pb-border-top td_block_template_1\"  data-td-block-uid=\"tdi_11_665\" >\n<style>\n\/* custom css *\/\n.tdi_11_665 .td_block_inner .td_module_mx19 .entry-title{\r\n\t\t\t\t\tfont-size:22px !important;\r\n\t\t\t\t}.tdi_11_665 .td_block_inner .td_module_mx25 .entry-title{\r\n\t\t\t\t\tfont-size:20px !important;\r\n\t\t\t\t}\n\n\/* phone *\/\n@media (max-width: 767px){\n.tdi_11_665 .td_block_inner .td-big-grid-scroll .td-big-grid-meta .entry-title{\r\n\t\t\t\t\t@mx25f_title\r\n\t\t\t\t}.tdi_11_665 .td-big-grid-scroll .td-post-category{\r\n\t\t\t\t\t@mx25f_cat\r\n\t\t\t\t}\n}\n<\/style><div id=tdi_11_665 class=\"td_block_inner\"><div class=\"td-big-grid-wrapper td-posts-5\">\r\n        <div class=\"td_module_mx19 td_module_wrap td-animation-stack td-big-grid-post-0 td-big-grid-post td-mx-23\">\r\n            <div class=\"td-module-image\">\r\n                <div class=\"td-module-thumb\"><a href=\"https:\/\/cuizine.be\/fr\/de-vacuumlade-van-v-zug-jouw-sous-chef-bij-een-zomerse-barbecue\/\" rel=\"bookmark\" class=\"td-image-wrap\" title=\"De plus en plus en vogue et bient\u00f4t indispensable dans les cuisines : le tiroir sous vide de V-ZUG\"><span class=\"entry-thumb td-thumb-css\" data-type=\"css_image\" data-img-url=\"https:\/\/cuizine.be\/wp-content\/uploads\/2022\/06\/unnamed-1068x742.jpeg\"  ><\/span><\/a><\/div>            <\/div>\r\n\r\n            <div class=\"td-meta-info-container\">\r\n                <div class=\"td-meta-align\">\r\n                    <div class=\"td-big-grid-meta\">\r\n                                                <h3 class=\"entry-title td-module-title\"><a href=\"https:\/\/cuizine.be\/fr\/de-vacuumlade-van-v-zug-jouw-sous-chef-bij-een-zomerse-barbecue\/\" rel=\"bookmark\" title=\"De plus en plus en vogue et bient\u00f4t indispensable dans les cuisines : le tiroir sous vide de V-ZUG\">De plus en plus en vogue et bient\u00f4t indispensable dans les cuisines : le tiroir sous vide de V-ZUG<\/a><\/h3>                    <\/div>\r\n\r\n                    <div class=\"td-module-meta-info\">\r\n                                                <span class=\"td-post-date\"><time class=\"entry-date updated td-module-date\" datetime=\"2022-06-24T07:32:00+00:00\" >24 juin 2022<\/time><\/span>                    <\/div>\r\n                <\/div>\r\n            <\/div>\r\n        <\/div>\r\n\r\n        <div class=\"td-big-grid-scroll\">\r\n        <div class=\"td_module_mx25 td_module_wrap td-animation-stack td-big-grid-post-1 td-big-grid-post td-mx-15\">\r\n            <div class=\"td-module-image\">\r\n                <div class=\"td-module-thumb\"><a href=\"https:\/\/cuizine.be\/fr\/osez-une-infinite-de-recettes-faites-maison-avec-le-i-companion-touch-xl-de-moulinex\/\" rel=\"bookmark\" class=\"td-image-wrap\" title=\"Osez une infinit\u00e9 de recettes faites maison avec le i-Companion Touch XL de Moulinex!\"><span class=\"entry-thumb td-thumb-css\" data-type=\"css_image\" data-img-url=\"https:\/\/cuizine.be\/wp-content\/uploads\/2022\/05\/Screenshot-at-May-09-10-43-44-485x360.png\"  ><\/span><\/a><\/div>            <\/div>\r\n\r\n            <div class=\"td-meta-info-container\">\r\n                <div class=\"td-meta-align\">\r\n                    <div class=\"td-big-grid-meta\">\r\n                                                <h3 class=\"entry-title td-module-title\"><a href=\"https:\/\/cuizine.be\/fr\/osez-une-infinite-de-recettes-faites-maison-avec-le-i-companion-touch-xl-de-moulinex\/\" rel=\"bookmark\" title=\"Osez une infinit\u00e9 de recettes faites maison avec le i-Companion Touch XL de Moulinex!\">Osez une infinit\u00e9 de recettes faites maison avec le i-Companion Touch XL de Moulinex!<\/a><\/h3>                    <\/div>\r\n                <\/div>\r\n            <\/div>\r\n        <\/div>\r\n\r\n        \r\n        <div class=\"td_module_mx25 td_module_wrap td-animation-stack td-big-grid-post-2 td-big-grid-post td-mx-15\">\r\n            <div class=\"td-module-image\">\r\n                <div class=\"td-module-thumb\"><a href=\"https:\/\/cuizine.be\/fr\/belangrijk-bericht-terugroeping-broodrooster-tefal-smartn-light\/\" rel=\"bookmark\" class=\"td-image-wrap\" title=\"Avis important: rappel produit grille-pain TEFAL Smart&rsquo;n Light\"><span class=\"entry-thumb td-thumb-css\" data-type=\"css_image\" data-img-url=\"https:\/\/cuizine.be\/wp-content\/uploads\/2021\/12\/Terugroeping-Broodrooster-TEFAL-Smartn-Light-1-485x360.png\"  ><\/span><\/a><\/div>            <\/div>\r\n\r\n            <div class=\"td-meta-info-container\">\r\n                <div class=\"td-meta-align\">\r\n                    <div class=\"td-big-grid-meta\">\r\n                                                <h3 class=\"entry-title td-module-title\"><a href=\"https:\/\/cuizine.be\/fr\/belangrijk-bericht-terugroeping-broodrooster-tefal-smartn-light\/\" rel=\"bookmark\" title=\"Avis important: rappel produit grille-pain TEFAL Smart&rsquo;n Light\">Avis important: rappel produit grille-pain TEFAL Smart&rsquo;n Light<\/a><\/h3>                    <\/div>\r\n                <\/div>\r\n            <\/div>\r\n        <\/div>\r\n\r\n        \r\n        <div class=\"td_module_mx25 td_module_wrap td-animation-stack td-big-grid-post-3 td-big-grid-post td-mx-15\">\r\n            <div class=\"td-module-image\">\r\n                <div class=\"td-module-thumb\"><a href=\"https:\/\/cuizine.be\/fr\/teste-de-delicieuses-gaufres-avec-le-gaufrier-a-remplissage-par-le-haut-de-fritel\/\" rel=\"bookmark\" class=\"td-image-wrap\" title=\"TEST\u00c9 : De d\u00e9licieuses gaufres avec le gaufrier \u00e0 remplissage par le haut de Fritel\"><span class=\"entry-thumb td-thumb-css\" data-type=\"css_image\" data-img-url=\"https:\/\/cuizine.be\/wp-content\/uploads\/2021\/12\/Wafels-bakken-met-de-Top-Fill-Waffle-Maker-485x360.jpeg\"  ><\/span><\/a><\/div>            <\/div>\r\n\r\n            <div class=\"td-meta-info-container\">\r\n                <div class=\"td-meta-align\">\r\n                    <div class=\"td-big-grid-meta\">\r\n                                                <h3 class=\"entry-title td-module-title\"><a href=\"https:\/\/cuizine.be\/fr\/teste-de-delicieuses-gaufres-avec-le-gaufrier-a-remplissage-par-le-haut-de-fritel\/\" rel=\"bookmark\" title=\"TEST\u00c9 : De d\u00e9licieuses gaufres avec le gaufrier \u00e0 remplissage par le haut de Fritel\">TEST\u00c9 : De d\u00e9licieuses gaufres avec le gaufrier \u00e0 remplissage par le haut de Fritel<\/a><\/h3>                    <\/div>\r\n                <\/div>\r\n            <\/div>\r\n        <\/div>\r\n\r\n        \r\n        <div class=\"td_module_mx25 td_module_wrap td-animation-stack td-big-grid-post-4 td-big-grid-post td-mx-15\">\r\n            <div class=\"td-module-image\">\r\n                <div class=\"td-module-thumb\"><a href=\"https:\/\/cuizine.be\/fr\/le-royal-shopper-plus-hydro-2-0-dandersen-shopper-dans-chaque-situation\/\" rel=\"bookmark\" class=\"td-image-wrap\" title=\"Le Royal Shopper Plus Hydro 2.0 d&rsquo;Andersen Shopper dans chaque situation !\"><span class=\"entry-thumb td-thumb-css\" data-type=\"css_image\" data-img-url=\"https:\/\/cuizine.be\/wp-content\/uploads\/2021\/12\/royal_fahrrad_imagebild-485x360.jpg\"  ><\/span><\/a><\/div>            <\/div>\r\n\r\n            <div class=\"td-meta-info-container\">\r\n                <div class=\"td-meta-align\">\r\n                    <div class=\"td-big-grid-meta\">\r\n                                                <h3 class=\"entry-title td-module-title\"><a href=\"https:\/\/cuizine.be\/fr\/le-royal-shopper-plus-hydro-2-0-dandersen-shopper-dans-chaque-situation\/\" rel=\"bookmark\" title=\"Le Royal Shopper Plus Hydro 2.0 d&rsquo;Andersen Shopper dans chaque situation !\">Le Royal Shopper Plus Hydro 2.0 d&rsquo;Andersen Shopper dans chaque situation !<\/a><\/h3>                    <\/div>\r\n                <\/div>\r\n            <\/div>\r\n        <\/div>\r\n\r\n        <\/div><div class=\"clearfix\"><\/div><\/div><\/div><\/div> <!-- .\/block --><\/div><\/div><\/div><\/div><div id=\"tdi_12_6cc\" class=\"tdc-row\"><div class=\"vc_row tdi_13_2ec  wpb_row td-pb-row\" >\n<style scoped>\n\n\/* custom css *\/\n.tdi_13_2ec{\r\n                    min-height: 0;\r\n                }\n<\/style><div class=\"vc_column tdi_15_c8f  wpb_column vc_column_container tdc-column td-pb-span8\">\n<style scoped>\n\n\/* custom css *\/\n.tdi_15_c8f{\r\n                    vertical-align: baseline;\r\n                }\n<\/style><div class=\"wpb_wrapper\"><div class=\"td_block_wrap td_block_2 tdi_16_f76 td_with_ajax_pagination td-pb-border-top td_block_template_1 td-column-2 td_block_padding\"  data-td-block-uid=\"tdi_16_f76\" ><script>var block_tdi_16_f76 = new tdBlock();\nblock_tdi_16_f76.id = \"tdi_16_f76\";\nblock_tdi_16_f76.atts = '{\"custom_title\":\"KOKEN\",\"block_template_id\":\"td_block_template_1\",\"category_id\":\"1017\",\"limit\":\"14\",\"ajax_pagination\":\"next_prev\",\"separator\":\"\",\"custom_url\":\"\",\"m2_tl\":\"\",\"m2_el\":\"\",\"m6_tl\":\"\",\"post_ids\":\"\",\"category_ids\":\"\",\"tag_slug\":\"\",\"autors_id\":\"\",\"installed_post_types\":\"\",\"sort\":\"\",\"offset\":\"\",\"show_modified_date\":\"\",\"el_class\":\"\",\"td_ajax_filter_type\":\"\",\"td_ajax_filter_ids\":\"\",\"td_filter_default_txt\":\"All\",\"td_ajax_preloading\":\"\",\"f_header_font_header\":\"\",\"f_header_font_title\":\"Block header\",\"f_header_font_settings\":\"\",\"f_header_font_family\":\"\",\"f_header_font_size\":\"\",\"f_header_font_line_height\":\"\",\"f_header_font_style\":\"\",\"f_header_font_weight\":\"\",\"f_header_font_transform\":\"\",\"f_header_font_spacing\":\"\",\"f_header_\":\"\",\"f_ajax_font_title\":\"Ajax categories\",\"f_ajax_font_settings\":\"\",\"f_ajax_font_family\":\"\",\"f_ajax_font_size\":\"\",\"f_ajax_font_line_height\":\"\",\"f_ajax_font_style\":\"\",\"f_ajax_font_weight\":\"\",\"f_ajax_font_transform\":\"\",\"f_ajax_font_spacing\":\"\",\"f_ajax_\":\"\",\"f_more_font_title\":\"Load more button\",\"f_more_font_settings\":\"\",\"f_more_font_family\":\"\",\"f_more_font_size\":\"\",\"f_more_font_line_height\":\"\",\"f_more_font_style\":\"\",\"f_more_font_weight\":\"\",\"f_more_font_transform\":\"\",\"f_more_font_spacing\":\"\",\"f_more_\":\"\",\"m2f_title_font_header\":\"\",\"m2f_title_font_title\":\"Article title\",\"m2f_title_font_settings\":\"\",\"m2f_title_font_family\":\"\",\"m2f_title_font_size\":\"\",\"m2f_title_font_line_height\":\"\",\"m2f_title_font_style\":\"\",\"m2f_title_font_weight\":\"\",\"m2f_title_font_transform\":\"\",\"m2f_title_font_spacing\":\"\",\"m2f_title_\":\"\",\"m2f_cat_font_title\":\"Article category tag\",\"m2f_cat_font_settings\":\"\",\"m2f_cat_font_family\":\"\",\"m2f_cat_font_size\":\"\",\"m2f_cat_font_line_height\":\"\",\"m2f_cat_font_style\":\"\",\"m2f_cat_font_weight\":\"\",\"m2f_cat_font_transform\":\"\",\"m2f_cat_font_spacing\":\"\",\"m2f_cat_\":\"\",\"m2f_meta_font_title\":\"Article meta info\",\"m2f_meta_font_settings\":\"\",\"m2f_meta_font_family\":\"\",\"m2f_meta_font_size\":\"\",\"m2f_meta_font_line_height\":\"\",\"m2f_meta_font_style\":\"\",\"m2f_meta_font_weight\":\"\",\"m2f_meta_font_transform\":\"\",\"m2f_meta_font_spacing\":\"\",\"m2f_meta_\":\"\",\"m2f_ex_font_title\":\"Article excerpt\",\"m2f_ex_font_settings\":\"\",\"m2f_ex_font_family\":\"\",\"m2f_ex_font_size\":\"\",\"m2f_ex_font_line_height\":\"\",\"m2f_ex_font_style\":\"\",\"m2f_ex_font_weight\":\"\",\"m2f_ex_font_transform\":\"\",\"m2f_ex_font_spacing\":\"\",\"m2f_ex_\":\"\",\"m6f_title_font_header\":\"\",\"m6f_title_font_title\":\"Article title\",\"m6f_title_font_settings\":\"\",\"m6f_title_font_family\":\"\",\"m6f_title_font_size\":\"\",\"m6f_title_font_line_height\":\"\",\"m6f_title_font_style\":\"\",\"m6f_title_font_weight\":\"\",\"m6f_title_font_transform\":\"\",\"m6f_title_font_spacing\":\"\",\"m6f_title_\":\"\",\"m6f_cat_font_title\":\"Article category tag\",\"m6f_cat_font_settings\":\"\",\"m6f_cat_font_family\":\"\",\"m6f_cat_font_size\":\"\",\"m6f_cat_font_line_height\":\"\",\"m6f_cat_font_style\":\"\",\"m6f_cat_font_weight\":\"\",\"m6f_cat_font_transform\":\"\",\"m6f_cat_font_spacing\":\"\",\"m6f_cat_\":\"\",\"m6f_meta_font_title\":\"Article meta info\",\"m6f_meta_font_settings\":\"\",\"m6f_meta_font_family\":\"\",\"m6f_meta_font_size\":\"\",\"m6f_meta_font_line_height\":\"\",\"m6f_meta_font_style\":\"\",\"m6f_meta_font_weight\":\"\",\"m6f_meta_font_transform\":\"\",\"m6f_meta_font_spacing\":\"\",\"m6f_meta_\":\"\",\"ajax_pagination_infinite_stop\":\"\",\"css\":\"\",\"tdc_css\":\"\",\"td_column_number\":2,\"header_color\":\"\",\"color_preset\":\"\",\"border_top\":\"\",\"class\":\"tdi_16_f76\",\"tdc_css_class\":\"tdi_16_f76\",\"tdc_css_class_style\":\"tdi_16_f76_rand_style\"}';\nblock_tdi_16_f76.td_column_number = \"2\";\nblock_tdi_16_f76.block_type = \"td_block_2\";\nblock_tdi_16_f76.post_count = \"14\";\nblock_tdi_16_f76.found_posts = \"67\";\nblock_tdi_16_f76.header_color = \"\";\nblock_tdi_16_f76.ajax_pagination_infinite_stop = \"\";\nblock_tdi_16_f76.max_num_pages = \"5\";\ntdBlocksArray.push(block_tdi_16_f76);\n<\/script><div class=\"td-block-title-wrap\"><h4 class=\"block-title td-block-title\"><span class=\"td-pulldown-size\">KOKEN<\/span><\/h4><\/div><div id=tdi_16_f76 class=\"td_block_inner\">\n\n\t<div class=\"td-block-row\">\n\n\t<div class=\"td-block-span6\">\n\r\n        <div class=\"td_module_2 td_module_wrap td-animation-stack\">\r\n            <div class=\"td-module-image\">\r\n                <div class=\"td-module-thumb\"><a href=\"https:\/\/cuizine.be\/fr\/osez-une-infinite-de-recettes-faites-maison-avec-le-i-companion-touch-xl-de-moulinex\/\" rel=\"bookmark\" class=\"td-image-wrap\" title=\"Osez une infinit\u00e9 de recettes faites maison avec le i-Companion Touch XL de Moulinex!\"><img loading=\"lazy\" class=\"entry-thumb\" src=\"data:image\/png;base64,iVBORw0KGgoAAAANSUhEUgAAAUQAAACgAQMAAABOhoelAAAAA1BMVEWurq51dlI4AAAAAXRSTlMmkutdmwAAAB1JREFUWMPtwTEBAAAAwiD7p\/ZdCGAAAAAAAAAQBxpAAAH8le3bAAAAAElFTkSuQmCC\" alt=\"\" title=\"Osez une infinit\u00e9 de recettes faites maison avec le i-Companion Touch XL de Moulinex!\" data-type=\"image_tag\" data-img-url=\"https:\/\/cuizine.be\/wp-content\/uploads\/2022\/05\/Screenshot-at-May-09-10-43-44-324x160.png\"  width=\"324\" height=\"160\" \/><\/a><\/div>                            <\/div>\r\n            <h3 class=\"entry-title td-module-title\"><a href=\"https:\/\/cuizine.be\/fr\/osez-une-infinite-de-recettes-faites-maison-avec-le-i-companion-touch-xl-de-moulinex\/\" rel=\"bookmark\" title=\"Osez une infinit\u00e9 de recettes faites maison avec le i-Companion Touch XL de Moulinex!\">Osez une infinit\u00e9 de recettes faites maison avec le i-Companion Touch XL de Moulinex!<\/a><\/h3>\r\n\r\n            <div class=\"td-module-meta-info\">\r\n                                <span class=\"td-post-date\"><time class=\"entry-date updated td-module-date\" datetime=\"2022-05-09T09:53:49+00:00\" >9 mai 2022<\/time><\/span>                            <\/div>\r\n\r\n\r\n            <div class=\"td-excerpt\">\r\n                Bien plus qu\u2019un simple robot-cuiseur, le i-Companion Touch XL de Moulinex vous aide a\u0300 mieux manger au quotidien.            <\/div>\r\n\r\n            \r\n        <\/div>\r\n\r\n        \n\t<\/div> <!-- .\/td-block-span6 -->\n\n\t<div class=\"td-block-span6\">\n\r\n        <div class=\"td_module_2 td_module_wrap td-animation-stack\">\r\n            <div class=\"td-module-image\">\r\n                <div class=\"td-module-thumb\"><a href=\"https:\/\/cuizine.be\/fr\/teste-de-delicieuses-gaufres-avec-le-gaufrier-a-remplissage-par-le-haut-de-fritel\/\" rel=\"bookmark\" class=\"td-image-wrap\" title=\"TEST\u00c9 : De d\u00e9licieuses gaufres avec le gaufrier \u00e0 remplissage par le haut de Fritel\"><img loading=\"lazy\" class=\"entry-thumb\" src=\"data:image\/png;base64,iVBORw0KGgoAAAANSUhEUgAAAUQAAACgAQMAAABOhoelAAAAA1BMVEWurq51dlI4AAAAAXRSTlMmkutdmwAAAB1JREFUWMPtwTEBAAAAwiD7p\/ZdCGAAAAAAAAAQBxpAAAH8le3bAAAAAElFTkSuQmCC\" alt=\"\" title=\"TEST\u00c9 : De d\u00e9licieuses gaufres avec le gaufrier \u00e0 remplissage par le haut de Fritel\" data-type=\"image_tag\" data-img-url=\"https:\/\/cuizine.be\/wp-content\/uploads\/2021\/12\/Wafels-bakken-met-de-Top-Fill-Waffle-Maker-324x160.jpeg\"  width=\"324\" height=\"160\" \/><\/a><\/div>                            <\/div>\r\n            <h3 class=\"entry-title td-module-title\"><a href=\"https:\/\/cuizine.be\/fr\/teste-de-delicieuses-gaufres-avec-le-gaufrier-a-remplissage-par-le-haut-de-fritel\/\" rel=\"bookmark\" title=\"TEST\u00c9 : De d\u00e9licieuses gaufres avec le gaufrier \u00e0 remplissage par le haut de Fritel\">TEST\u00c9 : De d\u00e9licieuses gaufres avec le gaufrier \u00e0 remplissage par le haut de...<\/a><\/h3>\r\n\r\n            <div class=\"td-module-meta-info\">\r\n                                <span class=\"td-post-date\"><time class=\"entry-date updated td-module-date\" datetime=\"2021-12-05T11:01:00+00:00\" >5 d\u00e9cembre 2021<\/time><\/span>                            <\/div>\r\n\r\n\r\n            <div class=\"td-excerpt\">\r\n                Pr\u00e9parer des gaufres fra\u00eeches sans probl\u00e8me : c'est ce que promet le gaufrier Top Fill de Fritel.            <\/div>\r\n\r\n            \r\n        <\/div>\r\n\r\n        \n\t<\/div> <!-- .\/td-block-span6 --><\/div><!--.\/row-fluid-->\n\n\t<div class=\"td-block-row\">\n\n\t<div class=\"td-block-span6\">\n\r\n        <div class=\"td_module_6 td_module_wrap td-animation-stack\">\r\n\r\n        <div class=\"td-module-thumb\"><a href=\"https:\/\/cuizine.be\/fr\/la-fondue-japonaise-sous-son-meilleur-jour\/\" rel=\"bookmark\" class=\"td-image-wrap\" title=\"La fondue japonaise sous son meilleur jour\"><img loading=\"lazy\" class=\"entry-thumb\" src=\"data:image\/png;base64,iVBORw0KGgoAAAANSUhEUgAAAGQAAABGAQMAAAAASKMqAAAAA1BMVEWurq51dlI4AAAAAXRSTlMmkutdmwAAABBJREFUKM9jGAWjYBQMKwAAA9QAAQWBn6cAAAAASUVORK5CYII=\" alt=\"\" title=\"La fondue japonaise sous son meilleur jour\" data-type=\"image_tag\" data-img-url=\"https:\/\/cuizine.be\/wp-content\/uploads\/2021\/12\/DSCF4281-corr-100x70.jpg\"  width=\"100\" height=\"70\" \/><\/a><\/div>\r\n        <div class=\"item-details\">\r\n            <h3 class=\"entry-title td-module-title\"><a href=\"https:\/\/cuizine.be\/fr\/la-fondue-japonaise-sous-son-meilleur-jour\/\" rel=\"bookmark\" title=\"La fondue japonaise sous son meilleur jour\">La fondue japonaise sous son meilleur jour<\/a><\/h3>            <div class=\"td-module-meta-info\">\r\n                                                <span class=\"td-post-date\"><time class=\"entry-date updated td-module-date\" datetime=\"2021-12-03T15:59:00+00:00\" >3 d\u00e9cembre 2021<\/time><\/span>                            <\/div>\r\n        <\/div>\r\n\r\n        <\/div>\r\n\r\n        \n\t<\/div> <!-- .\/td-block-span6 -->\n\n\t<div class=\"td-block-span6\">\n\r\n        <div class=\"td_module_6 td_module_wrap td-animation-stack\">\r\n\r\n        <div class=\"td-module-thumb\"><a href=\"https:\/\/cuizine.be\/fr\/lequipement-de-barbecue-pour-linterieur-et-lexterieur\/\" rel=\"bookmark\" class=\"td-image-wrap\" title=\"L&rsquo;\u00e9quipement de barbecue pour l&rsquo;int\u00e9rieur et l&rsquo;ext\u00e9rieur !\"><img loading=\"lazy\" class=\"entry-thumb\" src=\"data:image\/png;base64,iVBORw0KGgoAAAANSUhEUgAAAGQAAABGAQMAAAAASKMqAAAAA1BMVEWurq51dlI4AAAAAXRSTlMmkutdmwAAABBJREFUKM9jGAWjYBQMKwAAA9QAAQWBn6cAAAAASUVORK5CYII=\" alt=\"\" title=\"L&rsquo;\u00e9quipement de barbecue pour l&rsquo;int\u00e9rieur et l&rsquo;ext\u00e9rieur !\" data-type=\"image_tag\" data-img-url=\"https:\/\/cuizine.be\/wp-content\/uploads\/2021\/07\/218352203_4109225062457892_721451578427578453_n-100x70.jpg\"  width=\"100\" height=\"70\" \/><\/a><\/div>\r\n        <div class=\"item-details\">\r\n            <h3 class=\"entry-title td-module-title\"><a href=\"https:\/\/cuizine.be\/fr\/lequipement-de-barbecue-pour-linterieur-et-lexterieur\/\" rel=\"bookmark\" title=\"L&rsquo;\u00e9quipement de barbecue pour l&rsquo;int\u00e9rieur et l&rsquo;ext\u00e9rieur !\">L&rsquo;\u00e9quipement de barbecue pour l&rsquo;int\u00e9rieur et l&rsquo;ext\u00e9rieur !<\/a><\/h3>            <div class=\"td-module-meta-info\">\r\n                                                <span class=\"td-post-date\"><time class=\"entry-date updated td-module-date\" datetime=\"2021-07-21T11:07:00+00:00\" >21 juillet 2021<\/time><\/span>                            <\/div>\r\n        <\/div>\r\n\r\n        <\/div>\r\n\r\n        \n\t<\/div> <!-- .\/td-block-span6 --><\/div><!--.\/row-fluid-->\n\n\t<div class=\"td-block-row\">\n\n\t<div class=\"td-block-span6\">\n\r\n        <div class=\"td_module_6 td_module_wrap td-animation-stack\">\r\n\r\n        <div class=\"td-module-thumb\"><a href=\"https:\/\/cuizine.be\/fr\/teste-et-approuve-cuisinez-sans-stress-avec-tefal-unlimited\/\" rel=\"bookmark\" class=\"td-image-wrap\" title=\"TEST\u00c9 ET APPROUV\u00c9\u00a0: cuisinez sans stress avec Tefal Unlimited\"><img loading=\"lazy\" class=\"entry-thumb\" src=\"data:image\/png;base64,iVBORw0KGgoAAAANSUhEUgAAAGQAAABGAQMAAAAASKMqAAAAA1BMVEWurq51dlI4AAAAAXRSTlMmkutdmwAAABBJREFUKM9jGAWjYBQMKwAAA9QAAQWBn6cAAAAASUVORK5CYII=\" alt=\"\" title=\"TEST\u00c9 ET APPROUV\u00c9\u00a0: cuisinez sans stress avec Tefal Unlimited\" data-type=\"image_tag\" data-img-url=\"https:\/\/cuizine.be\/wp-content\/uploads\/2021\/06\/Chili-con-carne-en-salsa-met-Tefal-Unlimited-100x70.jpg\"  width=\"100\" height=\"70\" \/><\/a><\/div>\r\n        <div class=\"item-details\">\r\n            <h3 class=\"entry-title td-module-title\"><a href=\"https:\/\/cuizine.be\/fr\/teste-et-approuve-cuisinez-sans-stress-avec-tefal-unlimited\/\" rel=\"bookmark\" title=\"TEST\u00c9 ET APPROUV\u00c9\u00a0: cuisinez sans stress avec Tefal Unlimited\">TEST\u00c9 ET APPROUV\u00c9\u00a0: cuisinez sans stress avec Tefal Unlimited<\/a><\/h3>            <div class=\"td-module-meta-info\">\r\n                                                <span class=\"td-post-date\"><time class=\"entry-date updated td-module-date\" datetime=\"2021-06-03T13:42:00+00:00\" >3 juin 2021<\/time><\/span>                            <\/div>\r\n        <\/div>\r\n\r\n        <\/div>\r\n\r\n        \n\t<\/div> <!-- .\/td-block-span6 -->\n\n\t<div class=\"td-block-span6\">\n\r\n        <div class=\"td_module_6 td_module_wrap td-animation-stack\">\r\n\r\n        <div class=\"td-module-thumb\"><a href=\"https:\/\/cuizine.be\/fr\/recette-chips-souffles-maison-de-fritel\/\" rel=\"bookmark\" class=\"td-image-wrap\" title=\"Recette : chips souffl\u00e9s maison de Fritel\"><img loading=\"lazy\" class=\"entry-thumb\" src=\"data:image\/png;base64,iVBORw0KGgoAAAANSUhEUgAAAGQAAABGAQMAAAAASKMqAAAAA1BMVEWurq51dlI4AAAAAXRSTlMmkutdmwAAABBJREFUKM9jGAWjYBQMKwAAA9QAAQWBn6cAAAAASUVORK5CYII=\" alt=\"\" title=\"Recette : chips souffl\u00e9s maison de Fritel\" data-type=\"image_tag\" data-img-url=\"https:\/\/cuizine.be\/wp-content\/uploads\/2021\/05\/include_recipe_load_image-100x70.jpeg\"  width=\"100\" height=\"70\" \/><\/a><\/div>\r\n        <div class=\"item-details\">\r\n            <h3 class=\"entry-title td-module-title\"><a href=\"https:\/\/cuizine.be\/fr\/recette-chips-souffles-maison-de-fritel\/\" rel=\"bookmark\" title=\"Recette : chips souffl\u00e9s maison de Fritel\">Recette : chips souffl\u00e9s maison de Fritel<\/a><\/h3>            <div class=\"td-module-meta-info\">\r\n                                                <span class=\"td-post-date\"><time class=\"entry-date updated td-module-date\" datetime=\"2021-05-02T11:21:00+00:00\" >2 mai 2021<\/time><\/span>                            <\/div>\r\n        <\/div>\r\n\r\n        <\/div>\r\n\r\n        \n\t<\/div> <!-- .\/td-block-span6 --><\/div><!--.\/row-fluid-->\n\n\t<div class=\"td-block-row\">\n\n\t<div class=\"td-block-span6\">\n\r\n        <div class=\"td_module_6 td_module_wrap td-animation-stack\">\r\n\r\n        <div class=\"td-module-thumb\"><a href=\"https:\/\/cuizine.be\/fr\/een-gezonde-start-van-2021-met-mepal\/\" rel=\"bookmark\" class=\"td-image-wrap\" title=\"Un mode de vie sain en ce d\u00e9but d&rsquo;ann\u00e9e 2021 gr\u00e2ce \u00e0 Mepal\"><img loading=\"lazy\" class=\"entry-thumb\" src=\"data:image\/png;base64,iVBORw0KGgoAAAANSUhEUgAAAGQAAABGAQMAAAAASKMqAAAAA1BMVEWurq51dlI4AAAAAXRSTlMmkutdmwAAABBJREFUKM9jGAWjYBQMKwAAA9QAAQWBn6cAAAAASUVORK5CYII=\" alt=\"\" title=\"Un mode de vie sain en ce d\u00e9but d&rsquo;ann\u00e9e 2021 gr\u00e2ce \u00e0 Mepal\" data-type=\"image_tag\" data-img-url=\"https:\/\/cuizine.be\/wp-content\/uploads\/2021\/01\/Mepal_Cirqula-multi-bowls-rectangular-meal-prep_c-100x70.jpg\"  width=\"100\" height=\"70\" \/><\/a><\/div>\r\n        <div class=\"item-details\">\r\n            <h3 class=\"entry-title td-module-title\"><a href=\"https:\/\/cuizine.be\/fr\/een-gezonde-start-van-2021-met-mepal\/\" rel=\"bookmark\" title=\"Un mode de vie sain en ce d\u00e9but d&rsquo;ann\u00e9e 2021 gr\u00e2ce \u00e0 Mepal\">Un mode de vie sain en ce d\u00e9but d&rsquo;ann\u00e9e 2021 gr\u00e2ce \u00e0 Mepal<\/a><\/h3>            <div class=\"td-module-meta-info\">\r\n                                                <span class=\"td-post-date\"><time class=\"entry-date updated td-module-date\" datetime=\"2021-01-25T12:48:28+00:00\" >25 Janvier 2021<\/time><\/span>                            <\/div>\r\n        <\/div>\r\n\r\n        <\/div>\r\n\r\n        \n\t<\/div> <!-- .\/td-block-span6 -->\n\n\t<div class=\"td-block-span6\">\n\r\n        <div class=\"td_module_6 td_module_wrap td-animation-stack\">\r\n\r\n        <div class=\"td-module-thumb\"><a href=\"https:\/\/cuizine.be\/fr\/fritel-fait-ressortir-le-vrai-plaisir-du-fun-cooking\/\" rel=\"bookmark\" class=\"td-image-wrap\" title=\"Fritel fait ressortir le vrai plaisir du fun cooking\"><img loading=\"lazy\" class=\"entry-thumb\" src=\"data:image\/png;base64,iVBORw0KGgoAAAANSUhEUgAAAGQAAABGAQMAAAAASKMqAAAAA1BMVEWurq51dlI4AAAAAXRSTlMmkutdmwAAABBJREFUKM9jGAWjYBQMKwAAA9QAAQWBn6cAAAAASUVORK5CYII=\" alt=\"\" title=\"Fritel fait ressortir le vrai plaisir du fun cooking\" data-type=\"image_tag\" data-img-url=\"https:\/\/cuizine.be\/wp-content\/uploads\/2020\/12\/Verrassendefuncookinggerechtenp.22-100x70.jpg\"  width=\"100\" height=\"70\" \/><\/a><\/div>\r\n        <div class=\"item-details\">\r\n            <h3 class=\"entry-title td-module-title\"><a href=\"https:\/\/cuizine.be\/fr\/fritel-fait-ressortir-le-vrai-plaisir-du-fun-cooking\/\" rel=\"bookmark\" title=\"Fritel fait ressortir le vrai plaisir du fun cooking\">Fritel fait ressortir le vrai plaisir du fun cooking<\/a><\/h3>            <div class=\"td-module-meta-info\">\r\n                                                <span class=\"td-post-date\"><time class=\"entry-date updated td-module-date\" datetime=\"2020-12-14T10:13:34+00:00\" >14 d\u00e9cembre 2020<\/time><\/span>                            <\/div>\r\n        <\/div>\r\n\r\n        <\/div>\r\n\r\n        \n\t<\/div> <!-- .\/td-block-span6 --><\/div><!--.\/row-fluid-->\n\n\t<div class=\"td-block-row\">\n\n\t<div class=\"td-block-span6\">\n\r\n        <div class=\"td_module_6 td_module_wrap td-animation-stack\">\r\n\r\n        <div class=\"td-module-thumb\"><a href=\"https:\/\/cuizine.be\/fr\/begin-alvast-met-cadeaulijstjes-aan-te-leggen-met-mepal\/\" rel=\"bookmark\" class=\"td-image-wrap\" title=\"Commencez d\u00e9j\u00e0 \u00e0 pr\u00e9parer vos listes de cadeaux avec Mepal\"><img loading=\"lazy\" class=\"entry-thumb\" src=\"data:image\/png;base64,iVBORw0KGgoAAAANSUhEUgAAAGQAAABGAQMAAAAASKMqAAAAA1BMVEWurq51dlI4AAAAAXRSTlMmkutdmwAAABBJREFUKM9jGAWjYBQMKwAAA9QAAQWBn6cAAAAASUVORK5CYII=\" alt=\"\" title=\"Commencez d\u00e9j\u00e0 \u00e0 pr\u00e9parer vos listes de cadeaux avec Mepal\" data-type=\"image_tag\" data-img-url=\"https:\/\/cuizine.be\/wp-content\/uploads\/2020\/09\/90166199_3011455495581198_7120118799587606528_o-1-100x70.jpg\"  width=\"100\" height=\"70\" \/><\/a><\/div>\r\n        <div class=\"item-details\">\r\n            <h3 class=\"entry-title td-module-title\"><a href=\"https:\/\/cuizine.be\/fr\/begin-alvast-met-cadeaulijstjes-aan-te-leggen-met-mepal\/\" rel=\"bookmark\" title=\"Commencez d\u00e9j\u00e0 \u00e0 pr\u00e9parer vos listes de cadeaux avec Mepal\">Commencez d\u00e9j\u00e0 \u00e0 pr\u00e9parer vos listes de cadeaux avec Mepal<\/a><\/h3>            <div class=\"td-module-meta-info\">\r\n                                                <span class=\"td-post-date\"><time class=\"entry-date updated td-module-date\" datetime=\"2020-10-17T11:23:00+00:00\" >17 Octobre 2020<\/time><\/span>                            <\/div>\r\n        <\/div>\r\n\r\n        <\/div>\r\n\r\n        \n\t<\/div> <!-- .\/td-block-span6 -->\n\n\t<div class=\"td-block-span6\">\n\r\n        <div class=\"td_module_6 td_module_wrap td-animation-stack\">\r\n\r\n        <div class=\"td-module-thumb\"><a href=\"https:\/\/cuizine.be\/fr\/fritel-lance-la-revolution-de-la-cuisine-hygienique\/\" rel=\"bookmark\" class=\"td-image-wrap\" title=\"Fritel lance la r\u00e9volution de la cuisine hygi\u00e9nique !\"><img loading=\"lazy\" class=\"entry-thumb\" src=\"data:image\/png;base64,iVBORw0KGgoAAAANSUhEUgAAAGQAAABGAQMAAAAASKMqAAAAA1BMVEWurq51dlI4AAAAAXRSTlMmkutdmwAAABBJREFUKM9jGAWjYBQMKwAAA9QAAQWBn6cAAAAASUVORK5CYII=\" alt=\"\" title=\"Fritel lance la r\u00e9volution de la cuisine hygi\u00e9nique !\" data-type=\"image_tag\" data-img-url=\"https:\/\/cuizine.be\/wp-content\/uploads\/2020\/07\/PCS_500D-Keuken-b-BEWERKT-100x70.jpg\"  width=\"100\" height=\"70\" \/><\/a><\/div>\r\n        <div class=\"item-details\">\r\n            <h3 class=\"entry-title td-module-title\"><a href=\"https:\/\/cuizine.be\/fr\/fritel-lance-la-revolution-de-la-cuisine-hygienique\/\" rel=\"bookmark\" title=\"Fritel lance la r\u00e9volution de la cuisine hygi\u00e9nique !\">Fritel lance la r\u00e9volution de la cuisine hygi\u00e9nique !<\/a><\/h3>            <div class=\"td-module-meta-info\">\r\n                                                <span class=\"td-post-date\"><time class=\"entry-date updated td-module-date\" datetime=\"2020-07-13T10:14:33+00:00\" >13 juillet 2020<\/time><\/span>                            <\/div>\r\n        <\/div>\r\n\r\n        <\/div>\r\n\r\n        \n\t<\/div> <!-- .\/td-block-span6 --><\/div><!--.\/row-fluid-->\n\n\t<div class=\"td-block-row\">\n\n\t<div class=\"td-block-span6\">\n\r\n        <div class=\"td_module_6 td_module_wrap td-animation-stack\">\r\n\r\n        <div class=\"td-module-thumb\"><a href=\"https:\/\/cuizine.be\/fr\/teste-the-mulch-transforme-les-dechets-de-cuisine-sans-odeur-en-nourriture-pour-les-plantes\/\" rel=\"bookmark\" class=\"td-image-wrap\" title=\"TEST\u00c9 : The Mulch transforme les d\u00e9chets de cuisine sans odeur en nourriture pour les plantes.\"><img loading=\"lazy\" class=\"entry-thumb\" src=\"data:image\/png;base64,iVBORw0KGgoAAAANSUhEUgAAAGQAAABGAQMAAAAASKMqAAAAA1BMVEWurq51dlI4AAAAAXRSTlMmkutdmwAAABBJREFUKM9jGAWjYBQMKwAAA9QAAQWBn6cAAAAASUVORK5CYII=\" alt=\"\" title=\"TEST\u00c9 : The Mulch transforme les d\u00e9chets de cuisine sans odeur en nourriture pour les plantes.\" data-type=\"image_tag\" data-img-url=\"https:\/\/cuizine.be\/wp-content\/uploads\/2020\/06\/The-Mulch-verwerkt-keukenafval-100x70.jpg\"  width=\"100\" height=\"70\" \/><\/a><\/div>\r\n        <div class=\"item-details\">\r\n            <h3 class=\"entry-title td-module-title\"><a href=\"https:\/\/cuizine.be\/fr\/teste-the-mulch-transforme-les-dechets-de-cuisine-sans-odeur-en-nourriture-pour-les-plantes\/\" rel=\"bookmark\" title=\"TEST\u00c9 : The Mulch transforme les d\u00e9chets de cuisine sans odeur en nourriture pour les plantes.\">TEST\u00c9 : The Mulch transforme les d\u00e9chets de cuisine sans odeur en nourriture pour...<\/a><\/h3>            <div class=\"td-module-meta-info\">\r\n                                                <span class=\"td-post-date\"><time class=\"entry-date updated td-module-date\" datetime=\"2020-06-06T14:21:00+00:00\" >6 juin 2020<\/time><\/span>                            <\/div>\r\n        <\/div>\r\n\r\n        <\/div>\r\n\r\n        \n\t<\/div> <!-- .\/td-block-span6 -->\n\n\t<div class=\"td-block-span6\">\n\r\n        <div class=\"td_module_6 td_module_wrap td-animation-stack\">\r\n\r\n        <div class=\"td-module-thumb\"><a href=\"https:\/\/cuizine.be\/fr\/teste-tous-vos-snacks-preferes-de-la-gamme-snacktastic-de-fritel\/\" rel=\"bookmark\" class=\"td-image-wrap\" title=\"Test\u00e9 : Tous vos snacks pr\u00e9f\u00e9r\u00e9s de la gamme SnackTastic de Fritel.\"><img loading=\"lazy\" class=\"entry-thumb\" src=\"data:image\/png;base64,iVBORw0KGgoAAAANSUhEUgAAAGQAAABGAQMAAAAASKMqAAAAA1BMVEWurq51dlI4AAAAAXRSTlMmkutdmwAAABBJREFUKM9jGAWjYBQMKwAAA9QAAQWBn6cAAAAASUVORK5CYII=\" alt=\"\" title=\"Test\u00e9 : Tous vos snacks pr\u00e9f\u00e9r\u00e9s de la gamme SnackTastic de Fritel.\" data-type=\"image_tag\" data-img-url=\"https:\/\/cuizine.be\/wp-content\/uploads\/2020\/05\/Kip-uit-de-Snacktastic-100x70.jpg\"  width=\"100\" height=\"70\" \/><\/a><\/div>\r\n        <div class=\"item-details\">\r\n            <h3 class=\"entry-title td-module-title\"><a href=\"https:\/\/cuizine.be\/fr\/teste-tous-vos-snacks-preferes-de-la-gamme-snacktastic-de-fritel\/\" rel=\"bookmark\" title=\"Test\u00e9 : Tous vos snacks pr\u00e9f\u00e9r\u00e9s de la gamme SnackTastic de Fritel.\">Test\u00e9 : Tous vos snacks pr\u00e9f\u00e9r\u00e9s de la gamme SnackTastic de Fritel.<\/a><\/h3>            <div class=\"td-module-meta-info\">\r\n                                                <span class=\"td-post-date\"><time class=\"entry-date updated td-module-date\" datetime=\"2020-05-01T11:50:00+00:00\" >1 mai 2020<\/time><\/span>                            <\/div>\r\n        <\/div>\r\n\r\n        <\/div>\r\n\r\n        \n\t<\/div> <!-- .\/td-block-span6 --><\/div><!--.\/row-fluid-->\n\n\t<div class=\"td-block-row\">\n\n\t<div class=\"td-block-span6\">\n\r\n        <div class=\"td_module_6 td_module_wrap td-animation-stack\">\r\n\r\n        <div class=\"td-module-thumb\"><a href=\"https:\/\/cuizine.be\/fr\/shell-pink-van-le-creuset-tijdloze-elegantie\/\" rel=\"bookmark\" class=\"td-image-wrap\" title=\"Shell Pink chez Le Creuset: \u00e9l\u00e9gant &#038; intemporel\"><img loading=\"lazy\" class=\"entry-thumb\" src=\"data:image\/png;base64,iVBORw0KGgoAAAANSUhEUgAAAGQAAABGAQMAAAAASKMqAAAAA1BMVEWurq51dlI4AAAAAXRSTlMmkutdmwAAABBJREFUKM9jGAWjYBQMKwAAA9QAAQWBn6cAAAAASUVORK5CYII=\" alt=\"\" title=\"Shell Pink chez Le Creuset: \u00e9l\u00e9gant &#038; intemporel\" data-type=\"image_tag\" data-img-url=\"https:\/\/cuizine.be\/wp-content\/uploads\/2020\/03\/LC_20191121_LS_DE_00054-100x70.jpg\"  width=\"100\" height=\"70\" \/><\/a><\/div>\r\n        <div class=\"item-details\">\r\n            <h3 class=\"entry-title td-module-title\"><a href=\"https:\/\/cuizine.be\/fr\/shell-pink-van-le-creuset-tijdloze-elegantie\/\" rel=\"bookmark\" title=\"Shell Pink chez Le Creuset: \u00e9l\u00e9gant &#038; intemporel\">Shell Pink chez Le Creuset: \u00e9l\u00e9gant &#038; intemporel<\/a><\/h3>            <div class=\"td-module-meta-info\">\r\n                                                <span class=\"td-post-date\"><time class=\"entry-date updated td-module-date\" datetime=\"2020-03-13T16:14:00+00:00\" >13 mars 2020<\/time><\/span>                            <\/div>\r\n        <\/div>\r\n\r\n        <\/div>\r\n\r\n        \n\t<\/div> <!-- .\/td-block-span6 -->\n\n\t<div class=\"td-block-span6\">\n\r\n        <div class=\"td_module_6 td_module_wrap td-animation-stack\">\r\n\r\n        <div class=\"td-module-thumb\"><a href=\"https:\/\/cuizine.be\/fr\/multifonctionnel-le-barbecue-qui-se-transforme-en-gril-de-table-de-fritel\/\" rel=\"bookmark\" class=\"td-image-wrap\" title=\"Multifonctionnel : le barbecue qui se transforme en gril de table de Fritel\"><img loading=\"lazy\" class=\"entry-thumb\" src=\"data:image\/png;base64,iVBORw0KGgoAAAANSUhEUgAAAGQAAABGAQMAAAAASKMqAAAAA1BMVEWurq51dlI4AAAAAXRSTlMmkutdmwAAABBJREFUKM9jGAWjYBQMKwAAA9QAAQWBn6cAAAAASUVORK5CYII=\" alt=\"\" title=\"Multifonctionnel : le barbecue qui se transforme en gril de table de Fritel\" data-type=\"image_tag\" data-img-url=\"https:\/\/cuizine.be\/wp-content\/uploads\/2020\/03\/FRITEL-barbecue-100x70.gif\"  width=\"100\" height=\"70\" \/><\/a><\/div>\r\n        <div class=\"item-details\">\r\n            <h3 class=\"entry-title td-module-title\"><a href=\"https:\/\/cuizine.be\/fr\/multifonctionnel-le-barbecue-qui-se-transforme-en-gril-de-table-de-fritel\/\" rel=\"bookmark\" title=\"Multifonctionnel : le barbecue qui se transforme en gril de table de Fritel\">Multifonctionnel : le barbecue qui se transforme en gril de table de Fritel<\/a><\/h3>            <div class=\"td-module-meta-info\">\r\n                                                <span class=\"td-post-date\"><time class=\"entry-date updated td-module-date\" datetime=\"2020-03-07T10:16:00+00:00\" >7 mars 2020<\/time><\/span>                            <\/div>\r\n        <\/div>\r\n\r\n        <\/div>\r\n\r\n        \n\t<\/div> <!-- .\/td-block-span6 --><\/div><!--.\/row-fluid--><\/div><div class=\"td-next-prev-wrap\"><a href=\"#\" class=\"td-ajax-prev-page ajax-page-disabled\" id=\"prev-page-tdi_16_f76\" data-td_block_id=\"tdi_16_f76\"><i class=\"td-icon-font td-icon-menu-left\"><\/i><\/a><a href=\"#\"  class=\"td-ajax-next-page\" id=\"next-page-tdi_16_f76\" data-td_block_id=\"tdi_16_f76\"><i class=\"td-icon-font td-icon-menu-right\"><\/i><\/a><\/div><\/div> <!-- .\/block --><\/div><\/div><div class=\"vc_column tdi_18_759  wpb_column vc_column_container tdc-column td-pb-span4\">\n<style scoped>\n\n\/* custom css *\/\n.tdi_18_759{\r\n                    vertical-align: baseline;\r\n                }\n<\/style><div class=\"wpb_wrapper\"><div class=\"wpb_wrapper td_block_wrap vc_widget_sidebar tdi_20_6f1 \" ><aside class=\"td_block_template_1 widget widget_media_image\"><h4 class=\"block-title\"><span>Nieuwsbrief<\/span><\/h4><a href=\"http:\/\/eepurl.com\/dsV00z\"><img loading=\"lazy\" width=\"300\" height=\"300\" src=\"https:\/\/cuizine.be\/wp-content\/uploads\/2018\/04\/cuizine-signup-button.png\" class=\"image wp-image-29739  attachment-full size-full\" alt=\"\" style=\"max-width: 100%; height: auto;\" srcset=\"https:\/\/cuizine.be\/wp-content\/uploads\/2018\/04\/cuizine-signup-button.png 300w, https:\/\/cuizine.be\/wp-content\/uploads\/2018\/04\/cuizine-signup-button-150x150.png 150w\" sizes=\"auto, (max-width: 300px) 100vw, 300px\" \/><\/a><\/aside><aside class=\"td_block_template_1 widget adrotate_widgets\"><!-- Soit il n'y a pas de banni\u00e8res, ils sont desactiv\u00e9es ou pas qualifi\u00e9es pour cet endroit! --><\/aside><\/div><\/div><\/div><\/div><\/div><div id=\"tdi_21_66e\" class=\"tdc-row\"><div class=\"vc_row tdi_22_d95  wpb_row td-pb-row\" >\n<style scoped>\n\n\/* custom css *\/\n.tdi_22_d95{\r\n                    min-height: 0;\r\n                }\n<\/style><div class=\"vc_column tdi_24_51c  wpb_column vc_column_container tdc-column td-pb-span12\">\n<style scoped>\n\n\/* custom css *\/\n.tdi_24_51c{\r\n                    vertical-align: baseline;\r\n                }\n<\/style><div class=\"wpb_wrapper\"><div class=\"td_block_wrap td_block_2 tdi_25_225 td_with_ajax_pagination td-pb-border-top td_block_template_1 td-column-3 td_block_padding\"  data-td-block-uid=\"tdi_25_225\" ><script>var block_tdi_25_225 = new tdBlock();\nblock_tdi_25_225.id = \"tdi_25_225\";\nblock_tdi_25_225.atts = '{\"limit\":\"9\",\"custom_title\":\"AAN TAFEL\",\"block_template_id\":\"td_block_template_1\",\"ajax_pagination\":\"next_prev\",\"category_id\":\"56\",\"separator\":\"\",\"custom_url\":\"\",\"m2_tl\":\"\",\"m2_el\":\"\",\"m6_tl\":\"\",\"post_ids\":\"\",\"category_ids\":\"\",\"tag_slug\":\"\",\"autors_id\":\"\",\"installed_post_types\":\"\",\"sort\":\"\",\"offset\":\"\",\"show_modified_date\":\"\",\"el_class\":\"\",\"td_ajax_filter_type\":\"\",\"td_ajax_filter_ids\":\"\",\"td_filter_default_txt\":\"All\",\"td_ajax_preloading\":\"\",\"f_header_font_header\":\"\",\"f_header_font_title\":\"Block header\",\"f_header_font_settings\":\"\",\"f_header_font_family\":\"\",\"f_header_font_size\":\"\",\"f_header_font_line_height\":\"\",\"f_header_font_style\":\"\",\"f_header_font_weight\":\"\",\"f_header_font_transform\":\"\",\"f_header_font_spacing\":\"\",\"f_header_\":\"\",\"f_ajax_font_title\":\"Ajax categories\",\"f_ajax_font_settings\":\"\",\"f_ajax_font_family\":\"\",\"f_ajax_font_size\":\"\",\"f_ajax_font_line_height\":\"\",\"f_ajax_font_style\":\"\",\"f_ajax_font_weight\":\"\",\"f_ajax_font_transform\":\"\",\"f_ajax_font_spacing\":\"\",\"f_ajax_\":\"\",\"f_more_font_title\":\"Load more button\",\"f_more_font_settings\":\"\",\"f_more_font_family\":\"\",\"f_more_font_size\":\"\",\"f_more_font_line_height\":\"\",\"f_more_font_style\":\"\",\"f_more_font_weight\":\"\",\"f_more_font_transform\":\"\",\"f_more_font_spacing\":\"\",\"f_more_\":\"\",\"m2f_title_font_header\":\"\",\"m2f_title_font_title\":\"Article title\",\"m2f_title_font_settings\":\"\",\"m2f_title_font_family\":\"\",\"m2f_title_font_size\":\"\",\"m2f_title_font_line_height\":\"\",\"m2f_title_font_style\":\"\",\"m2f_title_font_weight\":\"\",\"m2f_title_font_transform\":\"\",\"m2f_title_font_spacing\":\"\",\"m2f_title_\":\"\",\"m2f_cat_font_title\":\"Article category tag\",\"m2f_cat_font_settings\":\"\",\"m2f_cat_font_family\":\"\",\"m2f_cat_font_size\":\"\",\"m2f_cat_font_line_height\":\"\",\"m2f_cat_font_style\":\"\",\"m2f_cat_font_weight\":\"\",\"m2f_cat_font_transform\":\"\",\"m2f_cat_font_spacing\":\"\",\"m2f_cat_\":\"\",\"m2f_meta_font_title\":\"Article meta info\",\"m2f_meta_font_settings\":\"\",\"m2f_meta_font_family\":\"\",\"m2f_meta_font_size\":\"\",\"m2f_meta_font_line_height\":\"\",\"m2f_meta_font_style\":\"\",\"m2f_meta_font_weight\":\"\",\"m2f_meta_font_transform\":\"\",\"m2f_meta_font_spacing\":\"\",\"m2f_meta_\":\"\",\"m2f_ex_font_title\":\"Article excerpt\",\"m2f_ex_font_settings\":\"\",\"m2f_ex_font_family\":\"\",\"m2f_ex_font_size\":\"\",\"m2f_ex_font_line_height\":\"\",\"m2f_ex_font_style\":\"\",\"m2f_ex_font_weight\":\"\",\"m2f_ex_font_transform\":\"\",\"m2f_ex_font_spacing\":\"\",\"m2f_ex_\":\"\",\"m6f_title_font_header\":\"\",\"m6f_title_font_title\":\"Article title\",\"m6f_title_font_settings\":\"\",\"m6f_title_font_family\":\"\",\"m6f_title_font_size\":\"\",\"m6f_title_font_line_height\":\"\",\"m6f_title_font_style\":\"\",\"m6f_title_font_weight\":\"\",\"m6f_title_font_transform\":\"\",\"m6f_title_font_spacing\":\"\",\"m6f_title_\":\"\",\"m6f_cat_font_title\":\"Article category tag\",\"m6f_cat_font_settings\":\"\",\"m6f_cat_font_family\":\"\",\"m6f_cat_font_size\":\"\",\"m6f_cat_font_line_height\":\"\",\"m6f_cat_font_style\":\"\",\"m6f_cat_font_weight\":\"\",\"m6f_cat_font_transform\":\"\",\"m6f_cat_font_spacing\":\"\",\"m6f_cat_\":\"\",\"m6f_meta_font_title\":\"Article meta info\",\"m6f_meta_font_settings\":\"\",\"m6f_meta_font_family\":\"\",\"m6f_meta_font_size\":\"\",\"m6f_meta_font_line_height\":\"\",\"m6f_meta_font_style\":\"\",\"m6f_meta_font_weight\":\"\",\"m6f_meta_font_transform\":\"\",\"m6f_meta_font_spacing\":\"\",\"m6f_meta_\":\"\",\"ajax_pagination_infinite_stop\":\"\",\"css\":\"\",\"tdc_css\":\"\",\"td_column_number\":3,\"header_color\":\"\",\"color_preset\":\"\",\"border_top\":\"\",\"class\":\"tdi_25_225\",\"tdc_css_class\":\"tdi_25_225\",\"tdc_css_class_style\":\"tdi_25_225_rand_style\"}';\nblock_tdi_25_225.td_column_number = \"3\";\nblock_tdi_25_225.block_type = \"td_block_2\";\nblock_tdi_25_225.post_count = \"9\";\nblock_tdi_25_225.found_posts = \"37\";\nblock_tdi_25_225.header_color = \"\";\nblock_tdi_25_225.ajax_pagination_infinite_stop = \"\";\nblock_tdi_25_225.max_num_pages = \"5\";\ntdBlocksArray.push(block_tdi_25_225);\n<\/script><div class=\"td-block-title-wrap\"><h4 class=\"block-title td-block-title\"><span class=\"td-pulldown-size\">AAN TAFEL<\/span><\/h4><\/div><div id=tdi_25_225 class=\"td_block_inner\">\n\n\t<div class=\"td-block-row\">\n\n\t<div class=\"td-block-span4\">\n\r\n        <div class=\"td_module_2 td_module_wrap td-animation-stack\">\r\n            <div class=\"td-module-image\">\r\n                <div class=\"td-module-thumb\"><a href=\"https:\/\/cuizine.be\/fr\/cocktails-et-mocktails-a-faire-soi-meme\/\" rel=\"bookmark\" class=\"td-image-wrap\" title=\"Cocktails et mocktails \u00e0 faire soi-m\u00eame\"><img loading=\"lazy\" class=\"entry-thumb\" src=\"data:image\/png;base64,iVBORw0KGgoAAAANSUhEUgAAAUQAAACgAQMAAABOhoelAAAAA1BMVEWurq51dlI4AAAAAXRSTlMmkutdmwAAAB1JREFUWMPtwTEBAAAAwiD7p\/ZdCGAAAAAAAAAQBxpAAAH8le3bAAAAAElFTkSuQmCC\" alt=\"\" title=\"Cocktails et mocktails \u00e0 faire soi-m\u00eame\" data-type=\"image_tag\" data-img-url=\"https:\/\/cuizine.be\/wp-content\/uploads\/2021\/08\/226290576_4143485272365204_7013935322689430643_n-324x160.jpg\"  width=\"324\" height=\"160\" \/><\/a><\/div>                            <\/div>\r\n            <h3 class=\"entry-title td-module-title\"><a href=\"https:\/\/cuizine.be\/fr\/cocktails-et-mocktails-a-faire-soi-meme\/\" rel=\"bookmark\" title=\"Cocktails et mocktails \u00e0 faire soi-m\u00eame\">Cocktails et mocktails \u00e0 faire soi-m\u00eame<\/a><\/h3>\r\n\r\n            <div class=\"td-module-meta-info\">\r\n                                <span class=\"td-post-date\"><time class=\"entry-date updated td-module-date\" datetime=\"2021-08-15T10:58:00+00:00\" >15 ao\u00fbt 2021<\/time><\/span>                            <\/div>\r\n\r\n\r\n            <div class=\"td-excerpt\">\r\n                Vous voulez passer au niveau sup\u00e9rieur en mati\u00e8re de cocktails et de mocktails ?            <\/div>\r\n\r\n            \r\n        <\/div>\r\n\r\n        \n\t<\/div> <!-- .\/td-block-span4 -->\n\n\t<div class=\"td-block-span4\">\n\r\n        <div class=\"td_module_2 td_module_wrap td-animation-stack\">\r\n            <div class=\"td-module-image\">\r\n                <div class=\"td-module-thumb\"><a href=\"https:\/\/cuizine.be\/fr\/een-gezonde-start-van-2021-met-mepal\/\" rel=\"bookmark\" class=\"td-image-wrap\" title=\"Un mode de vie sain en ce d\u00e9but d&rsquo;ann\u00e9e 2021 gr\u00e2ce \u00e0 Mepal\"><img loading=\"lazy\" class=\"entry-thumb\" src=\"data:image\/png;base64,iVBORw0KGgoAAAANSUhEUgAAAUQAAACgAQMAAABOhoelAAAAA1BMVEWurq51dlI4AAAAAXRSTlMmkutdmwAAAB1JREFUWMPtwTEBAAAAwiD7p\/ZdCGAAAAAAAAAQBxpAAAH8le3bAAAAAElFTkSuQmCC\" alt=\"\" title=\"Un mode de vie sain en ce d\u00e9but d&rsquo;ann\u00e9e 2021 gr\u00e2ce \u00e0 Mepal\" data-type=\"image_tag\" data-img-url=\"https:\/\/cuizine.be\/wp-content\/uploads\/2021\/01\/Mepal_Cirqula-multi-bowls-rectangular-meal-prep_c-324x160.jpg\"  width=\"324\" height=\"160\" \/><\/a><\/div>                            <\/div>\r\n            <h3 class=\"entry-title td-module-title\"><a href=\"https:\/\/cuizine.be\/fr\/een-gezonde-start-van-2021-met-mepal\/\" rel=\"bookmark\" title=\"Un mode de vie sain en ce d\u00e9but d&rsquo;ann\u00e9e 2021 gr\u00e2ce \u00e0 Mepal\">Un mode de vie sain en ce d\u00e9but d&rsquo;ann\u00e9e 2021 gr\u00e2ce \u00e0 Mepal<\/a><\/h3>\r\n\r\n            <div class=\"td-module-meta-info\">\r\n                                <span class=\"td-post-date\"><time class=\"entry-date updated td-module-date\" datetime=\"2021-01-25T12:48:28+00:00\" >25 Janvier 2021<\/time><\/span>                            <\/div>\r\n\r\n\r\n            <div class=\"td-excerpt\">\r\n                Een gezonde levensstijl is anno 2021 belangrijker dan ooit. Zo zorg je voor een goede weerstand, waardoor je minder vaak ziek wordt.            <\/div>\r\n\r\n            \r\n        <\/div>\r\n\r\n        \n\t<\/div> <!-- .\/td-block-span4 -->\n\n\t<div class=\"td-block-span4\">\n\r\n        <div class=\"td_module_2 td_module_wrap td-animation-stack\">\r\n            <div class=\"td-module-image\">\r\n                <div class=\"td-module-thumb\"><a href=\"https:\/\/cuizine.be\/fr\/begin-alvast-met-cadeaulijstjes-aan-te-leggen-met-mepal\/\" rel=\"bookmark\" class=\"td-image-wrap\" title=\"Commencez d\u00e9j\u00e0 \u00e0 pr\u00e9parer vos listes de cadeaux avec Mepal\"><img loading=\"lazy\" class=\"entry-thumb\" src=\"data:image\/png;base64,iVBORw0KGgoAAAANSUhEUgAAAUQAAACgAQMAAABOhoelAAAAA1BMVEWurq51dlI4AAAAAXRSTlMmkutdmwAAAB1JREFUWMPtwTEBAAAAwiD7p\/ZdCGAAAAAAAAAQBxpAAAH8le3bAAAAAElFTkSuQmCC\" alt=\"\" title=\"Commencez d\u00e9j\u00e0 \u00e0 pr\u00e9parer vos listes de cadeaux avec Mepal\" data-type=\"image_tag\" data-img-url=\"https:\/\/cuizine.be\/wp-content\/uploads\/2020\/09\/90166199_3011455495581198_7120118799587606528_o-1-324x160.jpg\"  width=\"324\" height=\"160\" \/><\/a><\/div>                            <\/div>\r\n            <h3 class=\"entry-title td-module-title\"><a href=\"https:\/\/cuizine.be\/fr\/begin-alvast-met-cadeaulijstjes-aan-te-leggen-met-mepal\/\" rel=\"bookmark\" title=\"Commencez d\u00e9j\u00e0 \u00e0 pr\u00e9parer vos listes de cadeaux avec Mepal\">Commencez d\u00e9j\u00e0 \u00e0 pr\u00e9parer vos listes de cadeaux avec Mepal<\/a><\/h3>\r\n\r\n            <div class=\"td-module-meta-info\">\r\n                                <span class=\"td-post-date\"><time class=\"entry-date updated td-module-date\" datetime=\"2020-10-17T11:23:00+00:00\" >17 Octobre 2020<\/time><\/span>                            <\/div>\r\n\r\n\r\n            <div class=\"td-excerpt\">\r\n                Les derniers mois de l\u2019ann\u00e9e sont non seulement les plus agr\u00e9ables, mais aussi les plus charg\u00e9s.            <\/div>\r\n\r\n            \r\n        <\/div>\r\n\r\n        \n\t<\/div> <!-- .\/td-block-span4 --><\/div><!--.\/row-fluid-->\n\n\t<div class=\"td-block-row\">\n\n\t<div class=\"td-block-span4\">\n\r\n        <div class=\"td_module_6 td_module_wrap td-animation-stack\">\r\n\r\n        <div class=\"td-module-thumb\"><a href=\"https:\/\/cuizine.be\/fr\/food-is-love-by-le-creuset\/\" rel=\"bookmark\" class=\"td-image-wrap\" title=\"Food is love by Le Creuset\"><img loading=\"lazy\" class=\"entry-thumb\" src=\"data:image\/png;base64,iVBORw0KGgoAAAANSUhEUgAAAGQAAABGAQMAAAAASKMqAAAAA1BMVEWurq51dlI4AAAAAXRSTlMmkutdmwAAABBJREFUKM9jGAWjYBQMKwAAA9QAAQWBn6cAAAAASUVORK5CYII=\" alt=\"\" title=\"Food is love by Le Creuset\" data-type=\"image_tag\" data-img-url=\"https:\/\/cuizine.be\/wp-content\/uploads\/2020\/10\/1475144_foodislovebanner-100x70.jpg\"  width=\"100\" height=\"70\" \/><\/a><\/div>\r\n        <div class=\"item-details\">\r\n            <h3 class=\"entry-title td-module-title\"><a href=\"https:\/\/cuizine.be\/fr\/food-is-love-by-le-creuset\/\" rel=\"bookmark\" title=\"Food is love by Le Creuset\">Food is love by Le Creuset<\/a><\/h3>            <div class=\"td-module-meta-info\">\r\n                                                <span class=\"td-post-date\"><time class=\"entry-date updated td-module-date\" datetime=\"2020-10-15T10:51:46+00:00\" >15 Octobre 2020<\/time><\/span>                            <\/div>\r\n        <\/div>\r\n\r\n        <\/div>\r\n\r\n        \n\t<\/div> <!-- .\/td-block-span4 -->\n\n\t<div class=\"td-block-span4\">\n\r\n        <div class=\"td_module_6 td_module_wrap td-animation-stack\">\r\n\r\n        <div class=\"td-module-thumb\"><a href=\"https:\/\/cuizine.be\/fr\/shell-pink-van-le-creuset-tijdloze-elegantie\/\" rel=\"bookmark\" class=\"td-image-wrap\" title=\"Shell Pink chez Le Creuset: \u00e9l\u00e9gant &#038; intemporel\"><img loading=\"lazy\" class=\"entry-thumb\" src=\"data:image\/png;base64,iVBORw0KGgoAAAANSUhEUgAAAGQAAABGAQMAAAAASKMqAAAAA1BMVEWurq51dlI4AAAAAXRSTlMmkutdmwAAABBJREFUKM9jGAWjYBQMKwAAA9QAAQWBn6cAAAAASUVORK5CYII=\" alt=\"\" title=\"Shell Pink chez Le Creuset: \u00e9l\u00e9gant &#038; intemporel\" data-type=\"image_tag\" data-img-url=\"https:\/\/cuizine.be\/wp-content\/uploads\/2020\/03\/LC_20191121_LS_DE_00054-100x70.jpg\"  width=\"100\" height=\"70\" \/><\/a><\/div>\r\n        <div class=\"item-details\">\r\n            <h3 class=\"entry-title td-module-title\"><a href=\"https:\/\/cuizine.be\/fr\/shell-pink-van-le-creuset-tijdloze-elegantie\/\" rel=\"bookmark\" title=\"Shell Pink chez Le Creuset: \u00e9l\u00e9gant &#038; intemporel\">Shell Pink chez Le Creuset: \u00e9l\u00e9gant &#038; intemporel<\/a><\/h3>            <div class=\"td-module-meta-info\">\r\n                                                <span class=\"td-post-date\"><time class=\"entry-date updated td-module-date\" datetime=\"2020-03-13T16:14:00+00:00\" >13 mars 2020<\/time><\/span>                            <\/div>\r\n        <\/div>\r\n\r\n        <\/div>\r\n\r\n        \n\t<\/div> <!-- .\/td-block-span4 -->\n\n\t<div class=\"td-block-span4\">\n\r\n        <div class=\"td_module_6 td_module_wrap td-animation-stack\">\r\n\r\n        <div class=\"td-module-thumb\"><a href=\"https:\/\/cuizine.be\/fr\/scoor-tijdens-de-feestdagen-met-een-theecocktail\/\" rel=\"bookmark\" class=\"td-image-wrap\" title=\"Succ\u00e8s garanti pendant les f\u00eates avec ce cocktail \u00e0 base de th\u00e9\"><img loading=\"lazy\" class=\"entry-thumb\" src=\"data:image\/png;base64,iVBORw0KGgoAAAANSUhEUgAAAGQAAABGAQMAAAAASKMqAAAAA1BMVEWurq51dlI4AAAAAXRSTlMmkutdmwAAABBJREFUKM9jGAWjYBQMKwAAA9QAAQWBn6cAAAAASUVORK5CYII=\" alt=\"\" title=\"Succ\u00e8s garanti pendant les f\u00eates avec ce cocktail \u00e0 base de th\u00e9\" data-type=\"image_tag\" data-img-url=\"https:\/\/cuizine.be\/wp-content\/uploads\/2019\/12\/unnamed-5-100x70.jpg\"  width=\"100\" height=\"70\" \/><\/a><\/div>\r\n        <div class=\"item-details\">\r\n            <h3 class=\"entry-title td-module-title\"><a href=\"https:\/\/cuizine.be\/fr\/scoor-tijdens-de-feestdagen-met-een-theecocktail\/\" rel=\"bookmark\" title=\"Succ\u00e8s garanti pendant les f\u00eates avec ce cocktail \u00e0 base de th\u00e9\">Succ\u00e8s garanti pendant les f\u00eates avec ce cocktail \u00e0 base de th\u00e9<\/a><\/h3>            <div class=\"td-module-meta-info\">\r\n                                                <span class=\"td-post-date\"><time class=\"entry-date updated td-module-date\" datetime=\"2019-12-01T16:32:00+00:00\" >1 d\u00e9cembre 2019<\/time><\/span>                            <\/div>\r\n        <\/div>\r\n\r\n        <\/div>\r\n\r\n        \n\t<\/div> <!-- .\/td-block-span4 --><\/div><!--.\/row-fluid-->\n\n\t<div class=\"td-block-row\">\n\n\t<div class=\"td-block-span4\">\n\r\n        <div class=\"td_module_6 td_module_wrap td-animation-stack\">\r\n\r\n        <div class=\"td-module-thumb\"><a href=\"https:\/\/cuizine.be\/fr\/vergeet-de-latte-theecinno-breekt-deze-winter-helemaal-door\/\" rel=\"bookmark\" class=\"td-image-wrap\" title=\"Oubliez le latte, cet hiver, c&rsquo;est le th\u00e9cinno qui a la cote!\"><img loading=\"lazy\" class=\"entry-thumb\" src=\"data:image\/png;base64,iVBORw0KGgoAAAANSUhEUgAAAGQAAABGAQMAAAAASKMqAAAAA1BMVEWurq51dlI4AAAAAXRSTlMmkutdmwAAABBJREFUKM9jGAWjYBQMKwAAA9QAAQWBn6cAAAAASUVORK5CYII=\" alt=\"\" title=\"Oubliez le latte, cet hiver, c&rsquo;est le th\u00e9cinno qui a la cote!\" data-type=\"image_tag\" data-img-url=\"https:\/\/cuizine.be\/wp-content\/uploads\/2019\/10\/SpecialT_StillLife_MasterT_Red_Latte-100x70.jpg\"  width=\"100\" height=\"70\" \/><\/a><\/div>\r\n        <div class=\"item-details\">\r\n            <h3 class=\"entry-title td-module-title\"><a href=\"https:\/\/cuizine.be\/fr\/vergeet-de-latte-theecinno-breekt-deze-winter-helemaal-door\/\" rel=\"bookmark\" title=\"Oubliez le latte, cet hiver, c&rsquo;est le th\u00e9cinno qui a la cote!\">Oubliez le latte, cet hiver, c&rsquo;est le th\u00e9cinno qui a la cote!<\/a><\/h3>            <div class=\"td-module-meta-info\">\r\n                                                <span class=\"td-post-date\"><time class=\"entry-date updated td-module-date\" datetime=\"2019-10-21T11:21:13+00:00\" >21 Octobre 2019<\/time><\/span>                            <\/div>\r\n        <\/div>\r\n\r\n        <\/div>\r\n\r\n        \n\t<\/div> <!-- .\/td-block-span4 -->\n\n\t<div class=\"td-block-span4\">\n\r\n        <div class=\"td_module_6 td_module_wrap td-animation-stack\">\r\n\r\n        <div class=\"td-module-thumb\"><a href=\"https:\/\/cuizine.be\/fr\/david-chipperfield-en-alessi-brengen-een-ode-aan-espresso-met-moka\/\" rel=\"bookmark\" class=\"td-image-wrap\" title=\"David Chipperfield et Alessi rendent hommage \u00e0 l\u2019espresso avec Moka\"><img loading=\"lazy\" class=\"entry-thumb\" src=\"data:image\/png;base64,iVBORw0KGgoAAAANSUhEUgAAAGQAAABGAQMAAAAASKMqAAAAA1BMVEWurq51dlI4AAAAAXRSTlMmkutdmwAAABBJREFUKM9jGAWjYBQMKwAAA9QAAQWBn6cAAAAASUVORK5CYII=\" alt=\"\" title=\"David Chipperfield et Alessi rendent hommage \u00e0 l\u2019espresso avec Moka\" data-type=\"image_tag\" data-img-url=\"https:\/\/cuizine.be\/wp-content\/uploads\/2019\/05\/DC06_ph-Santi-Caleca-100x70.jpg\"  width=\"100\" height=\"70\" \/><\/a><\/div>\r\n        <div class=\"item-details\">\r\n            <h3 class=\"entry-title td-module-title\"><a href=\"https:\/\/cuizine.be\/fr\/david-chipperfield-en-alessi-brengen-een-ode-aan-espresso-met-moka\/\" rel=\"bookmark\" title=\"David Chipperfield et Alessi rendent hommage \u00e0 l\u2019espresso avec Moka\">David Chipperfield et Alessi rendent hommage \u00e0 l\u2019espresso avec Moka<\/a><\/h3>            <div class=\"td-module-meta-info\">\r\n                                                <span class=\"td-post-date\"><time class=\"entry-date updated td-module-date\" datetime=\"2019-05-18T10:47:00+00:00\" >18 mai 2019<\/time><\/span>                            <\/div>\r\n        <\/div>\r\n\r\n        <\/div>\r\n\r\n        \n\t<\/div> <!-- .\/td-block-span4 -->\n\n\t<div class=\"td-block-span4\">\n\r\n        <div class=\"td_module_6 td_module_wrap td-animation-stack\">\r\n\r\n        <div class=\"td-module-thumb\"><a href=\"https:\/\/cuizine.be\/fr\/kusmi-tea-x-special-t\/\" rel=\"bookmark\" class=\"td-image-wrap\" title=\"Kusmi Tea x Special.T\"><img loading=\"lazy\" class=\"entry-thumb\" src=\"data:image\/png;base64,iVBORw0KGgoAAAANSUhEUgAAAGQAAABGAQMAAAAASKMqAAAAA1BMVEWurq51dlI4AAAAAXRSTlMmkutdmwAAABBJREFUKM9jGAWjYBQMKwAAA9QAAQWBn6cAAAAASUVORK5CYII=\" alt=\"\" title=\"Kusmi Tea x Special.T\" data-type=\"image_tag\" data-img-url=\"https:\/\/cuizine.be\/wp-content\/uploads\/2019\/04\/SPECIAL-T-1-100x70.jpg\"  width=\"100\" height=\"70\" \/><\/a><\/div>\r\n        <div class=\"item-details\">\r\n            <h3 class=\"entry-title td-module-title\"><a href=\"https:\/\/cuizine.be\/fr\/kusmi-tea-x-special-t\/\" rel=\"bookmark\" title=\"Kusmi Tea x Special.T\">Kusmi Tea x Special.T<\/a><\/h3>            <div class=\"td-module-meta-info\">\r\n                                                <span class=\"td-post-date\"><time class=\"entry-date updated td-module-date\" datetime=\"2019-04-16T14:25:00+00:00\" >16 avril 2019<\/time><\/span>                            <\/div>\r\n        <\/div>\r\n\r\n        <\/div>\r\n\r\n        \n\t<\/div> <!-- .\/td-block-span4 --><\/div><!--.\/row-fluid--><\/div><div class=\"td-next-prev-wrap\"><a href=\"#\" class=\"td-ajax-prev-page ajax-page-disabled\" id=\"prev-page-tdi_25_225\" data-td_block_id=\"tdi_25_225\"><i class=\"td-icon-font td-icon-menu-left\"><\/i><\/a><a href=\"#\"  class=\"td-ajax-next-page\" id=\"next-page-tdi_25_225\" data-td_block_id=\"tdi_25_225\"><i class=\"td-icon-font td-icon-menu-right\"><\/i><\/a><\/div><\/div> <!-- .\/block --><div class=\"td_block_wrap td_block_title tdi_26_16d td-pb-border-top td_block_template_1 td-fix-index\"  data-td-block-uid=\"tdi_26_16d\" >\n<style>\n.td-theme-wrap .tdi_26_16d .td-pulldown-filter-link:hover,\r\n            .td-theme-wrap .tdi_26_16d .td-subcat-item a:hover,\r\n            .td-theme-wrap .tdi_26_16d .td-subcat-item .td-cur-simple-item {\r\n                color: #000000;\r\n            }\r\n\r\n            .td-theme-wrap .tdi_26_16d .block-title > *,\r\n            .td-theme-wrap .tdi_26_16d .td-subcat-dropdown:hover .td-subcat-more {\r\n                background-color: #000000;\r\n            }\r\n            .td-theme-wrap .td-footer-wrapper .tdi_26_16d .block-title > * {\r\n                padding: 6px 7px 5px;\r\n                line-height: 1;\r\n            }\r\n\r\n            .td-theme-wrap .tdi_26_16d .block-title {\r\n                border-color: #000000;\r\n            }\r\n\r\n            \r\n            .td-theme-wrap .tdi_26_16d .td_module_wrap:hover .entry-title a,\r\n            .td-theme-wrap .tdi_26_16d .td_quote_on_blocks,\r\n            .td-theme-wrap .tdi_26_16d .td-opacity-cat .td-post-category:hover,\r\n            .td-theme-wrap .tdi_26_16d .td-opacity-read .td-read-more a:hover,\r\n            .td-theme-wrap .tdi_26_16d .td-opacity-author .td-post-author-name a:hover,\r\n            .td-theme-wrap .tdi_26_16d .td-instagram-user a {\r\n                color: #000000;\r\n            }\r\n\r\n            .td-theme-wrap .tdi_26_16d .td-next-prev-wrap a:hover,\r\n            .td-theme-wrap .tdi_26_16d .td-load-more-wrap a:hover {\r\n                background-color: #000000;\r\n                border-color: #000000;\r\n            }\r\n\r\n            .td-theme-wrap .tdi_26_16d .td-read-more a,\r\n            .td-theme-wrap .tdi_26_16d .td-weather-information:before,\r\n            .td-theme-wrap .tdi_26_16d .td-weather-week:before,\r\n            .td-theme-wrap .tdi_26_16d .td-exchange-header:before,\r\n            .td-theme-wrap .td-footer-wrapper .tdi_26_16d .td-post-category,\r\n            .td-theme-wrap .tdi_26_16d .td-post-category:hover {\r\n                background-color: #000000;\r\n            }\n<\/style><h4 class=\"block-title td-block-title\"><span class=\"td-pulldown-size\">ONZE TIPS<\/span><\/h4><\/div><div class=\"td_block_wrap td_block_big_grid_fl_8 tdi_27_5cc td-grid-style-1 td-hover-1 td-big-grids-fl td-big-grids-scroll td-big-grids-margin td-pb-border-top td_block_template_1\"  data-td-block-uid=\"tdi_27_5cc\" >\n<style>\n\/* custom css *\/\n.tdi_27_5cc .td_block_inner .td_module_mx19 .entry-title{\r\n\t\t\t\t\tfont-size:22px !important;\r\n\t\t\t\t}.tdi_27_5cc .td_block_inner .td_module_mx25 .entry-title{\r\n\t\t\t\t\tfont-size:20px !important;\r\n\t\t\t\t}\n\n\/* phone *\/\n@media (max-width: 767px){\n.tdi_27_5cc .td_block_inner .td-big-grid-scroll .td-big-grid-meta .entry-title{\r\n\t\t\t\t\t@mx25f_title\r\n\t\t\t\t}.tdi_27_5cc .td-big-grid-scroll .td-post-category{\r\n\t\t\t\t\t@mx25f_cat\r\n\t\t\t\t}\n}\n<\/style><div id=tdi_27_5cc class=\"td_block_inner\"><div class=\"td-big-grid-wrapper td-posts-2\">\r\n        <div class=\"td_module_mx19 td_module_wrap td-animation-stack td-big-grid-post-0 td-big-grid-post td-mx-23\">\r\n            <div class=\"td-module-image\">\r\n                <div class=\"td-module-thumb\"><a href=\"https:\/\/cuizine.be\/fr\/vergeet-de-latte-theecinno-breekt-deze-winter-helemaal-door\/\" rel=\"bookmark\" class=\"td-image-wrap\" title=\"Oubliez le latte, cet hiver, c&rsquo;est le th\u00e9cinno qui a la cote!\"><span class=\"entry-thumb td-thumb-css\" data-type=\"css_image\" data-img-url=\"https:\/\/cuizine.be\/wp-content\/uploads\/2019\/10\/SpecialT_StillLife_MasterT_Red_Latte.jpg\"  ><\/span><\/a><\/div>            <\/div>\r\n\r\n            <div class=\"td-meta-info-container\">\r\n                <div class=\"td-meta-align\">\r\n                    <div class=\"td-big-grid-meta\">\r\n                                                <h3 class=\"entry-title td-module-title\"><a href=\"https:\/\/cuizine.be\/fr\/vergeet-de-latte-theecinno-breekt-deze-winter-helemaal-door\/\" rel=\"bookmark\" title=\"Oubliez le latte, cet hiver, c&rsquo;est le th\u00e9cinno qui a la cote!\">Oubliez le latte, cet hiver, c&rsquo;est le th\u00e9cinno qui a la cote!<\/a><\/h3>                    <\/div>\r\n\r\n                    <div class=\"td-module-meta-info\">\r\n                                                <span class=\"td-post-date\"><time class=\"entry-date updated td-module-date\" datetime=\"2019-10-21T11:21:13+00:00\" >21 Octobre 2019<\/time><\/span>                    <\/div>\r\n                <\/div>\r\n            <\/div>\r\n        <\/div>\r\n\r\n        <div class=\"td-big-grid-scroll td-scroll-full\">\r\n        <div class=\"td_module_mx25 td_module_wrap td-animation-stack td-big-grid-post-1 td-big-grid-post td-mx-15\">\r\n            <div class=\"td-module-image\">\r\n                <div class=\"td-module-thumb\"><a href=\"https:\/\/cuizine.be\/fr\/aiguiser-des-couteaux-sur-une-pierre-a-aiguiser-comment-faire\/\" rel=\"bookmark\" class=\"td-image-wrap\" title=\"Aiguiser des couteaux sur une pierre \u00e0 aiguiser. Comment faire ?\"><span class=\"entry-thumb td-thumb-css\" data-type=\"css_image\" data-img-url=\"https:\/\/cuizine.be\/wp-content\/uploads\/2019\/04\/schleifen_pflegen_2018-485x360.jpg\"  ><\/span><\/a><\/div>            <\/div>\r\n\r\n            <div class=\"td-meta-info-container\">\r\n                <div class=\"td-meta-align\">\r\n                    <div class=\"td-big-grid-meta\">\r\n                                                <h3 class=\"entry-title td-module-title\"><a href=\"https:\/\/cuizine.be\/fr\/aiguiser-des-couteaux-sur-une-pierre-a-aiguiser-comment-faire\/\" rel=\"bookmark\" title=\"Aiguiser des couteaux sur une pierre \u00e0 aiguiser. Comment faire ?\">Aiguiser des couteaux sur une pierre \u00e0 aiguiser. Comment faire ?<\/a><\/h3>                    <\/div>\r\n                <\/div>\r\n            <\/div>\r\n        <\/div>\r\n\r\n        \r\n        <div class=\"td_module_mx_empty td-animation-stack td_module_no_thumb td-big-grid-post-2 td-big-grid-post td-module-empty td_module_mx25\">\r\n            <div class=\"td-module-thumb\"><\/div>\r\n        <\/div>\r\n\r\n        \r\n        <div class=\"td_module_mx_empty td-animation-stack td_module_no_thumb td-big-grid-post-3 td-big-grid-post td-module-empty td_module_mx25\">\r\n            <div class=\"td-module-thumb\"><\/div>\r\n        <\/div>\r\n\r\n        \r\n        <div class=\"td_module_mx_empty td-animation-stack td_module_no_thumb td-big-grid-post-4 td-big-grid-post td-module-empty td_module_mx25\">\r\n            <div class=\"td-module-thumb\"><\/div>\r\n        <\/div>\r\n\r\n        <\/div><div class=\"clearfix\"><\/div><\/div><\/div><\/div> <!-- .\/block --><div class=\"td_block_wrap td_block_2 tdi_28_15c td_with_ajax_pagination td-pb-border-top td_block_template_1 td-column-3 td_block_padding\"  data-td-block-uid=\"tdi_28_15c\" ><script>var block_tdi_28_15c = new tdBlock();\nblock_tdi_28_15c.id = \"tdi_28_15c\";\nblock_tdi_28_15c.atts = '{\"custom_title\":\"IN DE KEUKEN\",\"category_id\":\"524\",\"limit\":\"15\",\"ajax_pagination\":\"next_prev\",\"separator\":\"\",\"custom_url\":\"\",\"block_template_id\":\"\",\"m2_tl\":\"\",\"m2_el\":\"\",\"m6_tl\":\"\",\"post_ids\":\"\",\"category_ids\":\"\",\"tag_slug\":\"\",\"autors_id\":\"\",\"installed_post_types\":\"\",\"sort\":\"\",\"offset\":\"\",\"show_modified_date\":\"\",\"el_class\":\"\",\"td_ajax_filter_type\":\"\",\"td_ajax_filter_ids\":\"\",\"td_filter_default_txt\":\"All\",\"td_ajax_preloading\":\"\",\"f_header_font_header\":\"\",\"f_header_font_title\":\"Block header\",\"f_header_font_settings\":\"\",\"f_header_font_family\":\"\",\"f_header_font_size\":\"\",\"f_header_font_line_height\":\"\",\"f_header_font_style\":\"\",\"f_header_font_weight\":\"\",\"f_header_font_transform\":\"\",\"f_header_font_spacing\":\"\",\"f_header_\":\"\",\"f_ajax_font_title\":\"Ajax categories\",\"f_ajax_font_settings\":\"\",\"f_ajax_font_family\":\"\",\"f_ajax_font_size\":\"\",\"f_ajax_font_line_height\":\"\",\"f_ajax_font_style\":\"\",\"f_ajax_font_weight\":\"\",\"f_ajax_font_transform\":\"\",\"f_ajax_font_spacing\":\"\",\"f_ajax_\":\"\",\"f_more_font_title\":\"Load more button\",\"f_more_font_settings\":\"\",\"f_more_font_family\":\"\",\"f_more_font_size\":\"\",\"f_more_font_line_height\":\"\",\"f_more_font_style\":\"\",\"f_more_font_weight\":\"\",\"f_more_font_transform\":\"\",\"f_more_font_spacing\":\"\",\"f_more_\":\"\",\"m2f_title_font_header\":\"\",\"m2f_title_font_title\":\"Article title\",\"m2f_title_font_settings\":\"\",\"m2f_title_font_family\":\"\",\"m2f_title_font_size\":\"\",\"m2f_title_font_line_height\":\"\",\"m2f_title_font_style\":\"\",\"m2f_title_font_weight\":\"\",\"m2f_title_font_transform\":\"\",\"m2f_title_font_spacing\":\"\",\"m2f_title_\":\"\",\"m2f_cat_font_title\":\"Article category tag\",\"m2f_cat_font_settings\":\"\",\"m2f_cat_font_family\":\"\",\"m2f_cat_font_size\":\"\",\"m2f_cat_font_line_height\":\"\",\"m2f_cat_font_style\":\"\",\"m2f_cat_font_weight\":\"\",\"m2f_cat_font_transform\":\"\",\"m2f_cat_font_spacing\":\"\",\"m2f_cat_\":\"\",\"m2f_meta_font_title\":\"Article meta info\",\"m2f_meta_font_settings\":\"\",\"m2f_meta_font_family\":\"\",\"m2f_meta_font_size\":\"\",\"m2f_meta_font_line_height\":\"\",\"m2f_meta_font_style\":\"\",\"m2f_meta_font_weight\":\"\",\"m2f_meta_font_transform\":\"\",\"m2f_meta_font_spacing\":\"\",\"m2f_meta_\":\"\",\"m2f_ex_font_title\":\"Article excerpt\",\"m2f_ex_font_settings\":\"\",\"m2f_ex_font_family\":\"\",\"m2f_ex_font_size\":\"\",\"m2f_ex_font_line_height\":\"\",\"m2f_ex_font_style\":\"\",\"m2f_ex_font_weight\":\"\",\"m2f_ex_font_transform\":\"\",\"m2f_ex_font_spacing\":\"\",\"m2f_ex_\":\"\",\"m6f_title_font_header\":\"\",\"m6f_title_font_title\":\"Article title\",\"m6f_title_font_settings\":\"\",\"m6f_title_font_family\":\"\",\"m6f_title_font_size\":\"\",\"m6f_title_font_line_height\":\"\",\"m6f_title_font_style\":\"\",\"m6f_title_font_weight\":\"\",\"m6f_title_font_transform\":\"\",\"m6f_title_font_spacing\":\"\",\"m6f_title_\":\"\",\"m6f_cat_font_title\":\"Article category tag\",\"m6f_cat_font_settings\":\"\",\"m6f_cat_font_family\":\"\",\"m6f_cat_font_size\":\"\",\"m6f_cat_font_line_height\":\"\",\"m6f_cat_font_style\":\"\",\"m6f_cat_font_weight\":\"\",\"m6f_cat_font_transform\":\"\",\"m6f_cat_font_spacing\":\"\",\"m6f_cat_\":\"\",\"m6f_meta_font_title\":\"Article meta info\",\"m6f_meta_font_settings\":\"\",\"m6f_meta_font_family\":\"\",\"m6f_meta_font_size\":\"\",\"m6f_meta_font_line_height\":\"\",\"m6f_meta_font_style\":\"\",\"m6f_meta_font_weight\":\"\",\"m6f_meta_font_transform\":\"\",\"m6f_meta_font_spacing\":\"\",\"m6f_meta_\":\"\",\"ajax_pagination_infinite_stop\":\"\",\"css\":\"\",\"tdc_css\":\"\",\"td_column_number\":3,\"header_color\":\"\",\"color_preset\":\"\",\"border_top\":\"\",\"class\":\"tdi_28_15c\",\"tdc_css_class\":\"tdi_28_15c\",\"tdc_css_class_style\":\"tdi_28_15c_rand_style\"}';\nblock_tdi_28_15c.td_column_number = \"3\";\nblock_tdi_28_15c.block_type = \"td_block_2\";\nblock_tdi_28_15c.post_count = \"15\";\nblock_tdi_28_15c.found_posts = \"34\";\nblock_tdi_28_15c.header_color = \"\";\nblock_tdi_28_15c.ajax_pagination_infinite_stop = \"\";\nblock_tdi_28_15c.max_num_pages = \"3\";\ntdBlocksArray.push(block_tdi_28_15c);\n<\/script><div class=\"td-block-title-wrap\"><h4 class=\"block-title td-block-title\"><span class=\"td-pulldown-size\">IN DE KEUKEN<\/span><\/h4><\/div><div id=tdi_28_15c class=\"td_block_inner\">\n\n\t<div class=\"td-block-row\">\n\n\t<div class=\"td-block-span4\">\n\r\n        <div class=\"td_module_2 td_module_wrap td-animation-stack\">\r\n            <div class=\"td-module-image\">\r\n                <div class=\"td-module-thumb\"><a href=\"https:\/\/cuizine.be\/fr\/fritel-lance-la-revolution-de-la-cuisine-hygienique\/\" rel=\"bookmark\" class=\"td-image-wrap\" title=\"Fritel lance la r\u00e9volution de la cuisine hygi\u00e9nique !\"><img loading=\"lazy\" class=\"entry-thumb\" src=\"data:image\/png;base64,iVBORw0KGgoAAAANSUhEUgAAAUQAAACgAQMAAABOhoelAAAAA1BMVEWurq51dlI4AAAAAXRSTlMmkutdmwAAAB1JREFUWMPtwTEBAAAAwiD7p\/ZdCGAAAAAAAAAQBxpAAAH8le3bAAAAAElFTkSuQmCC\" alt=\"\" title=\"Fritel lance la r\u00e9volution de la cuisine hygi\u00e9nique !\" data-type=\"image_tag\" data-img-url=\"https:\/\/cuizine.be\/wp-content\/uploads\/2020\/07\/PCS_500D-Keuken-b-BEWERKT-324x160.jpg\"  width=\"324\" height=\"160\" \/><\/a><\/div>                            <\/div>\r\n            <h3 class=\"entry-title td-module-title\"><a href=\"https:\/\/cuizine.be\/fr\/fritel-lance-la-revolution-de-la-cuisine-hygienique\/\" rel=\"bookmark\" title=\"Fritel lance la r\u00e9volution de la cuisine hygi\u00e9nique !\">Fritel lance la r\u00e9volution de la cuisine hygi\u00e9nique !<\/a><\/h3>\r\n\r\n            <div class=\"td-module-meta-info\">\r\n                                <span class=\"td-post-date\"><time class=\"entry-date updated td-module-date\" datetime=\"2020-07-13T10:14:33+00:00\" >13 juillet 2020<\/time><\/span>                            <\/div>\r\n\r\n\r\n            <div class=\"td-excerpt\">\r\n                Fritel, une entreprise familiale 100 % belge, a \u00e9volu\u00e9 de mani\u00e8re dynamique, passant du statut d'innovateur dans le domaine des friteuses \u00e0 celui de fournisseur d'\u00e0 peu pr\u00e8s tous les appareils de cuisine dot\u00e9s d'une prise.            <\/div>\r\n\r\n            \r\n        <\/div>\r\n\r\n        \n\t<\/div> <!-- .\/td-block-span4 -->\n\n\t<div class=\"td-block-span4\">\n\r\n        <div class=\"td_module_2 td_module_wrap td-animation-stack\">\r\n            <div class=\"td-module-image\">\r\n                <div class=\"td-module-thumb\"><a href=\"https:\/\/cuizine.be\/fr\/hoe-wordt-de-liebherr-kwaliteit-gegarandeerd\/\" rel=\"bookmark\" class=\"td-image-wrap\" title=\"Comment la qualit\u00e9 Liebherr est-elle garantie?\"><img loading=\"lazy\" class=\"entry-thumb\" src=\"data:image\/png;base64,iVBORw0KGgoAAAANSUhEUgAAAUQAAACgAQMAAABOhoelAAAAA1BMVEWurq51dlI4AAAAAXRSTlMmkutdmwAAAB1JREFUWMPtwTEBAAAAwiD7p\/ZdCGAAAAAAAAAQBxpAAAH8le3bAAAAAElFTkSuQmCC\" alt=\"\" title=\"Comment la qualit\u00e9 Liebherr est-elle garantie?\" data-type=\"image_tag\" data-img-url=\"https:\/\/cuizine.be\/wp-content\/uploads\/2019\/05\/liebherr-324x160.jpg\"  width=\"324\" height=\"160\" \/><\/a><\/div>                            <\/div>\r\n            <h3 class=\"entry-title td-module-title\"><a href=\"https:\/\/cuizine.be\/fr\/hoe-wordt-de-liebherr-kwaliteit-gegarandeerd\/\" rel=\"bookmark\" title=\"Comment la qualit\u00e9 Liebherr est-elle garantie?\">Comment la qualit\u00e9 Liebherr est-elle garantie?<\/a><\/h3>\r\n\r\n            <div class=\"td-module-meta-info\">\r\n                                <span class=\"td-post-date\"><time class=\"entry-date updated td-module-date\" datetime=\"2020-06-11T14:41:00+00:00\" >11 juin 2020<\/time><\/span>                            <\/div>\r\n\r\n\r\n            <div class=\"td-excerpt\">\r\n                Liebherr-koelkasten en -diepvriezers danken hun uitstekende reputatie in de eerste plaats aan hun kwaliteit \u2013 en dat geldt wereldwijd.            <\/div>\r\n\r\n            \r\n        <\/div>\r\n\r\n        \n\t<\/div> <!-- .\/td-block-span4 -->\n\n\t<div class=\"td-block-span4\">\n\r\n        <div class=\"td_module_2 td_module_wrap td-animation-stack\">\r\n            <div class=\"td-module-image\">\r\n                <div class=\"td-module-thumb\"><a href=\"https:\/\/cuizine.be\/fr\/et-loscar-est-decerne-a-falmec\/\" rel=\"bookmark\" class=\"td-image-wrap\" title=\"Et l&rsquo;Oscar est d\u00e9cern\u00e9 \u00e0&#8230; FALMEC !\"><img loading=\"lazy\" class=\"entry-thumb\" src=\"data:image\/png;base64,iVBORw0KGgoAAAANSUhEUgAAAUQAAACgAQMAAABOhoelAAAAA1BMVEWurq51dlI4AAAAAXRSTlMmkutdmwAAAB1JREFUWMPtwTEBAAAAwiD7p\/ZdCGAAAAAAAAAQBxpAAAH8le3bAAAAAElFTkSuQmCC\" alt=\"\" title=\"Et l&rsquo;Oscar est d\u00e9cern\u00e9 \u00e0&#8230; FALMEC !\" data-type=\"image_tag\" data-img-url=\"https:\/\/cuizine.be\/wp-content\/uploads\/2020\/06\/parasite.5daf5c8fd6631-324x160.jpg\"  width=\"324\" height=\"160\" \/><\/a><\/div>                            <\/div>\r\n            <h3 class=\"entry-title td-module-title\"><a href=\"https:\/\/cuizine.be\/fr\/et-loscar-est-decerne-a-falmec\/\" rel=\"bookmark\" title=\"Et l&rsquo;Oscar est d\u00e9cern\u00e9 \u00e0&#8230; FALMEC !\">Et l&rsquo;Oscar est d\u00e9cern\u00e9 \u00e0&#8230; FALMEC !<\/a><\/h3>\r\n\r\n            <div class=\"td-module-meta-info\">\r\n                                <span class=\"td-post-date\"><time class=\"entry-date updated td-module-date\" datetime=\"2020-06-11T08:52:00+00:00\" >11 juin 2020<\/time><\/span>                            <\/div>\r\n\r\n\r\n            <div class=\"td-excerpt\">\r\n                De dampkappen van Falmec zijn te bezichtigen in de bekroonde beste film op de laatste Oscaruitreiking.            <\/div>\r\n\r\n            \r\n        <\/div>\r\n\r\n        \n\t<\/div> <!-- .\/td-block-span4 --><\/div><!--.\/row-fluid-->\n\n\t<div class=\"td-block-row\">\n\n\t<div class=\"td-block-span4\">\n\r\n        <div class=\"td_module_6 td_module_wrap td-animation-stack\">\r\n\r\n        <div class=\"td-module-thumb\"><a href=\"https:\/\/cuizine.be\/fr\/teste-the-mulch-transforme-les-dechets-de-cuisine-sans-odeur-en-nourriture-pour-les-plantes\/\" rel=\"bookmark\" class=\"td-image-wrap\" title=\"TEST\u00c9 : The Mulch transforme les d\u00e9chets de cuisine sans odeur en nourriture pour les plantes.\"><img loading=\"lazy\" class=\"entry-thumb\" src=\"data:image\/png;base64,iVBORw0KGgoAAAANSUhEUgAAAGQAAABGAQMAAAAASKMqAAAAA1BMVEWurq51dlI4AAAAAXRSTlMmkutdmwAAABBJREFUKM9jGAWjYBQMKwAAA9QAAQWBn6cAAAAASUVORK5CYII=\" alt=\"\" title=\"TEST\u00c9 : The Mulch transforme les d\u00e9chets de cuisine sans odeur en nourriture pour les plantes.\" data-type=\"image_tag\" data-img-url=\"https:\/\/cuizine.be\/wp-content\/uploads\/2020\/06\/The-Mulch-verwerkt-keukenafval-100x70.jpg\"  width=\"100\" height=\"70\" \/><\/a><\/div>\r\n        <div class=\"item-details\">\r\n            <h3 class=\"entry-title td-module-title\"><a href=\"https:\/\/cuizine.be\/fr\/teste-the-mulch-transforme-les-dechets-de-cuisine-sans-odeur-en-nourriture-pour-les-plantes\/\" rel=\"bookmark\" title=\"TEST\u00c9 : The Mulch transforme les d\u00e9chets de cuisine sans odeur en nourriture pour les plantes.\">TEST\u00c9 : The Mulch transforme les d\u00e9chets de cuisine sans odeur en nourriture pour...<\/a><\/h3>            <div class=\"td-module-meta-info\">\r\n                                                <span class=\"td-post-date\"><time class=\"entry-date updated td-module-date\" datetime=\"2020-06-06T14:21:00+00:00\" >6 juin 2020<\/time><\/span>                            <\/div>\r\n        <\/div>\r\n\r\n        <\/div>\r\n\r\n        \n\t<\/div> <!-- .\/td-block-span4 -->\n\n\t<div class=\"td-block-span4\">\n\r\n        <div class=\"td_module_6 td_module_wrap td-animation-stack\">\r\n\r\n        <div class=\"td-module-thumb\"><a href=\"https:\/\/cuizine.be\/fr\/tips-om-keukentoestellen-te-reinigen\/\" rel=\"bookmark\" class=\"td-image-wrap\" title=\"Conseils pour nettoyer les appareils de cuisine\"><img loading=\"lazy\" class=\"entry-thumb\" src=\"data:image\/png;base64,iVBORw0KGgoAAAANSUhEUgAAAGQAAABGAQMAAAAASKMqAAAAA1BMVEWurq51dlI4AAAAAXRSTlMmkutdmwAAABBJREFUKM9jGAWjYBQMKwAAA9QAAQWBn6cAAAAASUVORK5CYII=\" alt=\"\" title=\"Conseils pour nettoyer les appareils de cuisine\" data-type=\"image_tag\" data-img-url=\"https:\/\/cuizine.be\/wp-content\/uploads\/2020\/04\/hand-with-rag-cleaning-cooker-at-home-kitchen-P9533GG-100x70.jpg\"  width=\"100\" height=\"70\" \/><\/a><\/div>\r\n        <div class=\"item-details\">\r\n            <h3 class=\"entry-title td-module-title\"><a href=\"https:\/\/cuizine.be\/fr\/tips-om-keukentoestellen-te-reinigen\/\" rel=\"bookmark\" title=\"Conseils pour nettoyer les appareils de cuisine\">Conseils pour nettoyer les appareils de cuisine<\/a><\/h3>            <div class=\"td-module-meta-info\">\r\n                                                <span class=\"td-post-date\"><time class=\"entry-date updated td-module-date\" datetime=\"2020-04-09T09:51:35+00:00\" >9 avril 2020<\/time><\/span>                            <\/div>\r\n        <\/div>\r\n\r\n        <\/div>\r\n\r\n        \n\t<\/div> <!-- .\/td-block-span4 -->\n\n\t<div class=\"td-block-span4\">\n\r\n        <div class=\"td_module_6 td_module_wrap td-animation-stack\">\r\n\r\n        <div class=\"td-module-thumb\"><a href=\"https:\/\/cuizine.be\/fr\/met-neff-word-je-zelf-chef-in-eigen-huis\/\" rel=\"bookmark\" class=\"td-image-wrap\" title=\"Avec NEFF, devenez votre propre Chef \u00e0 domicile\"><img loading=\"lazy\" class=\"entry-thumb\" src=\"data:image\/png;base64,iVBORw0KGgoAAAANSUhEUgAAAGQAAABGAQMAAAAASKMqAAAAA1BMVEWurq51dlI4AAAAAXRSTlMmkutdmwAAABBJREFUKM9jGAWjYBQMKwAAA9QAAQWBn6cAAAAASUVORK5CYII=\" alt=\"\" title=\"Avec NEFF, devenez votre propre Chef \u00e0 domicile\" data-type=\"image_tag\" data-img-url=\"https:\/\/cuizine.be\/wp-content\/uploads\/2020\/03\/MCIM01989280_M-0-007_Stage_Slide_Hide-100x70.jpg\"  width=\"100\" height=\"70\" \/><\/a><\/div>\r\n        <div class=\"item-details\">\r\n            <h3 class=\"entry-title td-module-title\"><a href=\"https:\/\/cuizine.be\/fr\/met-neff-word-je-zelf-chef-in-eigen-huis\/\" rel=\"bookmark\" title=\"Avec NEFF, devenez votre propre Chef \u00e0 domicile\">Avec NEFF, devenez votre propre Chef \u00e0 domicile<\/a><\/h3>            <div class=\"td-module-meta-info\">\r\n                                                <span class=\"td-post-date\"><time class=\"entry-date updated td-module-date\" datetime=\"2020-03-24T15:18:00+00:00\" >24 mars 2020<\/time><\/span>                            <\/div>\r\n        <\/div>\r\n\r\n        <\/div>\r\n\r\n        \n\t<\/div> <!-- .\/td-block-span4 --><\/div><!--.\/row-fluid-->\n\n\t<div class=\"td-block-row\">\n\n\t<div class=\"td-block-span4\">\n\r\n        <div class=\"td_module_6 td_module_wrap td-animation-stack\">\r\n\r\n        <div class=\"td-module-thumb\"><a href=\"https:\/\/cuizine.be\/fr\/laat-jouw-oven-al-het-werk-doen-met-kerst\/\" rel=\"bookmark\" class=\"td-image-wrap\" title=\"Laat jouw oven \u00e0l het werk doen met kerst\"><img loading=\"lazy\" class=\"entry-thumb\" src=\"data:image\/png;base64,iVBORw0KGgoAAAANSUhEUgAAAGQAAABGAQMAAAAASKMqAAAAA1BMVEWurq51dlI4AAAAAXRSTlMmkutdmwAAABBJREFUKM9jGAWjYBQMKwAAA9QAAQWBn6cAAAAASUVORK5CYII=\" alt=\"\" title=\"Laat jouw oven \u00e0l het werk doen met kerst\" data-type=\"image_tag\" data-img-url=\"https:\/\/cuizine.be\/wp-content\/uploads\/2019\/11\/unnamed-18-100x70.jpg\"  width=\"100\" height=\"70\" \/><\/a><\/div>\r\n        <div class=\"item-details\">\r\n            <h3 class=\"entry-title td-module-title\"><a href=\"https:\/\/cuizine.be\/fr\/laat-jouw-oven-al-het-werk-doen-met-kerst\/\" rel=\"bookmark\" title=\"Laat jouw oven \u00e0l het werk doen met kerst\">Laat jouw oven \u00e0l het werk doen met kerst<\/a><\/h3>            <div class=\"td-module-meta-info\">\r\n                                                <span class=\"td-post-date\"><time class=\"entry-date updated td-module-date\" datetime=\"2019-11-12T15:03:44+00:00\" >12 novembre 2019<\/time><\/span>                            <\/div>\r\n        <\/div>\r\n\r\n        <\/div>\r\n\r\n        \n\t<\/div> <!-- .\/td-block-span4 -->\n\n\t<div class=\"td-block-span4\">\n\r\n        <div class=\"td_module_6 td_module_wrap td-animation-stack\">\r\n\r\n        <div class=\"td-module-thumb\"><a href=\"https:\/\/cuizine.be\/fr\/de-iconic-fridge-mag-gezien-worden\/\" rel=\"bookmark\" class=\"td-image-wrap\" title=\"Iconic Fridge : il vaut le coup d\u2019\u0153il !\"><img loading=\"lazy\" class=\"entry-thumb\" src=\"data:image\/png;base64,iVBORw0KGgoAAAANSUhEUgAAAGQAAABGAQMAAAAASKMqAAAAA1BMVEWurq51dlI4AAAAAXRSTlMmkutdmwAAABBJREFUKM9jGAWjYBQMKwAAA9QAAQWBn6cAAAAASUVORK5CYII=\" alt=\"\" title=\"Iconic Fridge : il vaut le coup d\u2019\u0153il !\" data-type=\"image_tag\" data-img-url=\"https:\/\/cuizine.be\/wp-content\/uploads\/2019\/07\/unnamed-100x70.gif\"  width=\"100\" height=\"70\" \/><\/a><\/div>\r\n        <div class=\"item-details\">\r\n            <h3 class=\"entry-title td-module-title\"><a href=\"https:\/\/cuizine.be\/fr\/de-iconic-fridge-mag-gezien-worden\/\" rel=\"bookmark\" title=\"Iconic Fridge : il vaut le coup d\u2019\u0153il !\">Iconic Fridge : il vaut le coup d\u2019\u0153il !<\/a><\/h3>            <div class=\"td-module-meta-info\">\r\n                                                <span class=\"td-post-date\"><time class=\"entry-date updated td-module-date\" datetime=\"2019-07-11T09:46:00+00:00\" >11 juillet 2019<\/time><\/span>                            <\/div>\r\n        <\/div>\r\n\r\n        <\/div>\r\n\r\n        \n\t<\/div> <!-- .\/td-block-span4 -->\n\n\t<div class=\"td-block-span4\">\n\r\n        <div class=\"td_module_6 td_module_wrap td-animation-stack\">\r\n\r\n        <div class=\"td-module-thumb\"><a href=\"https:\/\/cuizine.be\/fr\/cookingarden-pour-les-fans-de-cuisine-a-lexterieur\/\" rel=\"bookmark\" class=\"td-image-wrap\" title=\"Cookin&rsquo;Garden : Pour les fans de cuisine \u00e0 l&rsquo;ext\u00e9rieur\"><img loading=\"lazy\" class=\"entry-thumb\" src=\"data:image\/png;base64,iVBORw0KGgoAAAANSUhEUgAAAGQAAABGAQMAAAAASKMqAAAAA1BMVEWurq51dlI4AAAAAXRSTlMmkutdmwAAABBJREFUKM9jGAWjYBQMKwAAA9QAAQWBn6cAAAAASUVORK5CYII=\" alt=\"\" title=\"Cookin&rsquo;Garden : Pour les fans de cuisine \u00e0 l&rsquo;ext\u00e9rieur\" data-type=\"image_tag\" data-img-url=\"https:\/\/cuizine.be\/wp-content\/uploads\/2019\/06\/PG035-100x70.jpg\"  width=\"100\" height=\"70\" \/><\/a><\/div>\r\n        <div class=\"item-details\">\r\n            <h3 class=\"entry-title td-module-title\"><a href=\"https:\/\/cuizine.be\/fr\/cookingarden-pour-les-fans-de-cuisine-a-lexterieur\/\" rel=\"bookmark\" title=\"Cookin&rsquo;Garden : Pour les fans de cuisine \u00e0 l&rsquo;ext\u00e9rieur\">Cookin&rsquo;Garden : Pour les fans de cuisine \u00e0 l&rsquo;ext\u00e9rieur<\/a><\/h3>            <div class=\"td-module-meta-info\">\r\n                                                <span class=\"td-post-date\"><time class=\"entry-date updated td-module-date\" datetime=\"2019-06-01T10:16:00+00:00\" >1 juin 2019<\/time><\/span>                            <\/div>\r\n        <\/div>\r\n\r\n        <\/div>\r\n\r\n        \n\t<\/div> <!-- .\/td-block-span4 --><\/div><!--.\/row-fluid-->\n\n\t<div class=\"td-block-row\">\n\n\t<div class=\"td-block-span4\">\n\r\n        <div class=\"td_module_6 td_module_wrap td-animation-stack\">\r\n\r\n        <div class=\"td-module-thumb\"><a href=\"https:\/\/cuizine.be\/fr\/circle-tech-nog-een-falmec-innovatie\/\" rel=\"bookmark\" class=\"td-image-wrap\" title=\"Circle.Tech : hottes circulaires offrant de tr\u00e8s nombreux avantages\"><img loading=\"lazy\" class=\"entry-thumb\" src=\"data:image\/png;base64,iVBORw0KGgoAAAANSUhEUgAAAGQAAABGAQMAAAAASKMqAAAAA1BMVEWurq51dlI4AAAAAXRSTlMmkutdmwAAABBJREFUKM9jGAWjYBQMKwAAA9QAAQWBn6cAAAAASUVORK5CYII=\" alt=\"\" title=\"Circle.Tech : hottes circulaires offrant de tr\u00e8s nombreux avantages\" data-type=\"image_tag\" data-img-url=\"https:\/\/cuizine.be\/wp-content\/uploads\/2019\/05\/unnamed-6-100x70.jpg\"  width=\"100\" height=\"70\" \/><\/a><\/div>\r\n        <div class=\"item-details\">\r\n            <h3 class=\"entry-title td-module-title\"><a href=\"https:\/\/cuizine.be\/fr\/circle-tech-nog-een-falmec-innovatie\/\" rel=\"bookmark\" title=\"Circle.Tech : hottes circulaires offrant de tr\u00e8s nombreux avantages\">Circle.Tech : hottes circulaires offrant de tr\u00e8s nombreux avantages<\/a><\/h3>            <div class=\"td-module-meta-info\">\r\n                                                <span class=\"td-post-date\"><time class=\"entry-date updated td-module-date\" datetime=\"2019-05-21T12:51:00+00:00\" >21 mai 2019<\/time><\/span>                            <\/div>\r\n        <\/div>\r\n\r\n        <\/div>\r\n\r\n        \n\t<\/div> <!-- .\/td-block-span4 -->\n\n\t<div class=\"td-block-span4\">\n\r\n        <div class=\"td_module_6 td_module_wrap td-animation-stack\">\r\n\r\n        <div class=\"td-module-thumb\"><a href=\"https:\/\/cuizine.be\/fr\/haal-meer-uit-groenten-en-fruit-met-de-high-speed-blender-van-fritel\/\" rel=\"bookmark\" class=\"td-image-wrap\" title=\"Obtenez plus de vos fruits et l\u00e9gumes avec le blender \u00e0 grande vitesse de Fritel\"><img loading=\"lazy\" class=\"entry-thumb\" src=\"data:image\/png;base64,iVBORw0KGgoAAAANSUhEUgAAAGQAAABGAQMAAAAASKMqAAAAA1BMVEWurq51dlI4AAAAAXRSTlMmkutdmwAAABBJREFUKM9jGAWjYBQMKwAAA9QAAQWBn6cAAAAASUVORK5CYII=\" alt=\"\" title=\"Obtenez plus de vos fruits et l\u00e9gumes avec le blender \u00e0 grande vitesse de Fritel\" data-type=\"image_tag\" data-img-url=\"https:\/\/cuizine.be\/wp-content\/uploads\/2019\/05\/flbl3890-blender1-100x70.jpg\"  width=\"100\" height=\"70\" \/><\/a><\/div>\r\n        <div class=\"item-details\">\r\n            <h3 class=\"entry-title td-module-title\"><a href=\"https:\/\/cuizine.be\/fr\/haal-meer-uit-groenten-en-fruit-met-de-high-speed-blender-van-fritel\/\" rel=\"bookmark\" title=\"Obtenez plus de vos fruits et l\u00e9gumes avec le blender \u00e0 grande vitesse de Fritel\">Obtenez plus de vos fruits et l\u00e9gumes avec le blender \u00e0 grande vitesse de...<\/a><\/h3>            <div class=\"td-module-meta-info\">\r\n                                                <span class=\"td-post-date\"><time class=\"entry-date updated td-module-date\" datetime=\"2019-05-11T08:33:00+00:00\" >11 mai 2019<\/time><\/span>                            <\/div>\r\n        <\/div>\r\n\r\n        <\/div>\r\n\r\n        \n\t<\/div> <!-- .\/td-block-span4 -->\n\n\t<div class=\"td-block-span4\">\n\r\n        <div class=\"td_module_6 td_module_wrap td-animation-stack\">\r\n\r\n        <div class=\"td-module-thumb\"><a href=\"https:\/\/cuizine.be\/fr\/toujours-le-temps-de-cuisson-ideal-avec-mastrad-controlit-et-meatit\/\" rel=\"bookmark\" class=\"td-image-wrap\" title=\"Toujours le temps de cuisson id\u00e9al avec Mastrad M\u00b0Control et Meat\u00b0it\"><img loading=\"lazy\" class=\"entry-thumb\" src=\"data:image\/png;base64,iVBORw0KGgoAAAANSUhEUgAAAGQAAABGAQMAAAAASKMqAAAAA1BMVEWurq51dlI4AAAAAXRSTlMmkutdmwAAABBJREFUKM9jGAWjYBQMKwAAA9QAAQWBn6cAAAAASUVORK5CYII=\" alt=\"\" title=\"Toujours le temps de cuisson id\u00e9al avec Mastrad M\u00b0Control et Meat\u00b0it\" data-type=\"image_tag\" data-img-url=\"https:\/\/cuizine.be\/wp-content\/uploads\/2019\/03\/Meat\u00b0it-100x70.jpg\"  width=\"100\" height=\"70\" \/><\/a><\/div>\r\n        <div class=\"item-details\">\r\n            <h3 class=\"entry-title td-module-title\"><a href=\"https:\/\/cuizine.be\/fr\/toujours-le-temps-de-cuisson-ideal-avec-mastrad-controlit-et-meatit\/\" rel=\"bookmark\" title=\"Toujours le temps de cuisson id\u00e9al avec Mastrad M\u00b0Control et Meat\u00b0it\">Toujours le temps de cuisson id\u00e9al avec Mastrad M\u00b0Control et Meat\u00b0it<\/a><\/h3>            <div class=\"td-module-meta-info\">\r\n                                                <span class=\"td-post-date\"><time class=\"entry-date updated td-module-date\" datetime=\"2019-03-30T10:38:00+00:00\" >30 mars 2019<\/time><\/span>                            <\/div>\r\n        <\/div>\r\n\r\n        <\/div>\r\n\r\n        \n\t<\/div> <!-- .\/td-block-span4 --><\/div><!--.\/row-fluid-->\n\n\t<div class=\"td-block-row\">\n\n\t<div class=\"td-block-span4\">\n\r\n        <div class=\"td_module_6 td_module_wrap td-animation-stack\">\r\n\r\n        <div class=\"td-module-thumb\"><a href=\"https:\/\/cuizine.be\/fr\/een-slimme-combinatie-de-nieuw-fusion-kookplaat-van-v-zug\/\" rel=\"bookmark\" class=\"td-image-wrap\" title=\"Une combinaison ing\u00e9nieuse: La nouvelle table de cuisson induction Fusion de V-ZUG\"><img loading=\"lazy\" class=\"entry-thumb\" src=\"data:image\/png;base64,iVBORw0KGgoAAAANSUhEUgAAAGQAAABGAQMAAAAASKMqAAAAA1BMVEWurq51dlI4AAAAAXRSTlMmkutdmwAAABBJREFUKM9jGAWjYBQMKwAAA9QAAQWBn6cAAAAASUVORK5CYII=\" alt=\"\" title=\"Une combinaison ing\u00e9nieuse: La nouvelle table de cuisson induction Fusion de V-ZUG\" data-type=\"image_tag\" data-img-url=\"https:\/\/cuizine.be\/wp-content\/uploads\/2019\/02\/V-ZUG_Expertentalk-Dunstabzug-Fusion-100x70.jpg\"  width=\"100\" height=\"70\" \/><\/a><\/div>\r\n        <div class=\"item-details\">\r\n            <h3 class=\"entry-title td-module-title\"><a href=\"https:\/\/cuizine.be\/fr\/een-slimme-combinatie-de-nieuw-fusion-kookplaat-van-v-zug\/\" rel=\"bookmark\" title=\"Une combinaison ing\u00e9nieuse: La nouvelle table de cuisson induction Fusion de V-ZUG\">Une combinaison ing\u00e9nieuse: La nouvelle table de cuisson induction Fusion de V-ZUG<\/a><\/h3>            <div class=\"td-module-meta-info\">\r\n                                                <span class=\"td-post-date\"><time class=\"entry-date updated td-module-date\" datetime=\"2019-02-20T08:45:00+00:00\" >20 f\u00e9vrier 2019<\/time><\/span>                            <\/div>\r\n        <\/div>\r\n\r\n        <\/div>\r\n\r\n        \n\t<\/div> <!-- .\/td-block-span4 -->\n\n\t<div class=\"td-block-span4\">\n\r\n        <div class=\"td_module_6 td_module_wrap td-animation-stack\">\r\n\r\n        <div class=\"td-module-thumb\"><a href=\"https:\/\/cuizine.be\/fr\/les-appareils-menagers-pour-les-gourmands-ayant-peu-despace-dans-leur-cuisine\/\" rel=\"bookmark\" class=\"td-image-wrap\" title=\"Les appareils m\u00e9nagers pour les gourmands ayant peu d&rsquo;espace dans leur cuisine\"><img loading=\"lazy\" class=\"entry-thumb\" src=\"data:image\/png;base64,iVBORw0KGgoAAAANSUhEUgAAAGQAAABGAQMAAAAASKMqAAAAA1BMVEWurq51dlI4AAAAAXRSTlMmkutdmwAAABBJREFUKM9jGAWjYBQMKwAAA9QAAQWBn6cAAAAASUVORK5CYII=\" alt=\"\" title=\"Les appareils m\u00e9nagers pour les gourmands ayant peu d&rsquo;espace dans leur cuisine\" data-type=\"image_tag\" data-img-url=\"https:\/\/cuizine.be\/wp-content\/uploads\/2019\/02\/WMF-KITCHENminis-Multicooker-Mood-7-100x70.jpg\"  width=\"100\" height=\"70\" \/><\/a><\/div>\r\n        <div class=\"item-details\">\r\n            <h3 class=\"entry-title td-module-title\"><a href=\"https:\/\/cuizine.be\/fr\/les-appareils-menagers-pour-les-gourmands-ayant-peu-despace-dans-leur-cuisine\/\" rel=\"bookmark\" title=\"Les appareils m\u00e9nagers pour les gourmands ayant peu d&rsquo;espace dans leur cuisine\">Les appareils m\u00e9nagers pour les gourmands ayant peu d&rsquo;espace dans leur cuisine<\/a><\/h3>            <div class=\"td-module-meta-info\">\r\n                                                <span class=\"td-post-date\"><time class=\"entry-date updated td-module-date\" datetime=\"2019-02-18T14:52:00+00:00\" >18 f\u00e9vrier 2019<\/time><\/span>                            <\/div>\r\n        <\/div>\r\n\r\n        <\/div>\r\n\r\n        \n\t<\/div> <!-- .\/td-block-span4 -->\n\n\t<div class=\"td-block-span4\">\n\r\n        <div class=\"td_module_6 td_module_wrap td-animation-stack\">\r\n\r\n        <div class=\"td-module-thumb\"><a href=\"https:\/\/cuizine.be\/fr\/bauknecht-stelt-zijn-greeploze-keuken-voor-op-batibouw\/\" rel=\"bookmark\" class=\"td-image-wrap\" title=\"Bauknecht pr\u00e9sente sa cuisine sans poign\u00e9es \u00e0 Batibouw\"><img loading=\"lazy\" class=\"entry-thumb\" src=\"data:image\/png;base64,iVBORw0KGgoAAAANSUhEUgAAAGQAAABGAQMAAAAASKMqAAAAA1BMVEWurq51dlI4AAAAAXRSTlMmkutdmwAAABBJREFUKM9jGAWjYBQMKwAAA9QAAQWBn6cAAAAASUVORK5CYII=\" alt=\"\" title=\"Bauknecht pr\u00e9sente sa cuisine sans poign\u00e9es \u00e0 Batibouw\" data-type=\"image_tag\" data-img-url=\"https:\/\/cuizine.be\/wp-content\/uploads\/2019\/02\/Bauknecht_Collection.11_4-100x70.jpg\"  width=\"100\" height=\"70\" \/><\/a><\/div>\r\n        <div class=\"item-details\">\r\n            <h3 class=\"entry-title td-module-title\"><a href=\"https:\/\/cuizine.be\/fr\/bauknecht-stelt-zijn-greeploze-keuken-voor-op-batibouw\/\" rel=\"bookmark\" title=\"Bauknecht pr\u00e9sente sa cuisine sans poign\u00e9es \u00e0 Batibouw\">Bauknecht pr\u00e9sente sa cuisine sans poign\u00e9es \u00e0 Batibouw<\/a><\/h3>            <div class=\"td-module-meta-info\">\r\n                                                <span class=\"td-post-date\"><time class=\"entry-date updated td-module-date\" datetime=\"2019-02-04T16:43:39+00:00\" >4 f\u00e9vrier 2019<\/time><\/span>                            <\/div>\r\n        <\/div>\r\n\r\n        <\/div>\r\n\r\n        \n\t<\/div> <!-- .\/td-block-span4 --><\/div><!--.\/row-fluid--><\/div><div class=\"td-next-prev-wrap\"><a href=\"#\" class=\"td-ajax-prev-page ajax-page-disabled\" id=\"prev-page-tdi_28_15c\" data-td_block_id=\"tdi_28_15c\"><i class=\"td-icon-font td-icon-menu-left\"><\/i><\/a><a href=\"#\"  class=\"td-ajax-next-page\" id=\"next-page-tdi_28_15c\" data-td_block_id=\"tdi_28_15c\"><i class=\"td-icon-font td-icon-menu-right\"><\/i><\/a><\/div><\/div> <!-- .\/block --><div class=\"td_block_wrap td_block_title tdi_29_19e td-pb-border-top td_block_template_1 td-fix-index\"  data-td-block-uid=\"tdi_29_19e\" ><h4 class=\"block-title td-block-title\"><span class=\"td-pulldown-size\">RECEPTEN &amp; CULINAIR<\/span><\/h4><\/div><div class=\"td_block_wrap td_block_big_grid_7 tdi_30_5e1 td-grid-style-1 td-hover-1 td-big-grids td-pb-border-top td_block_template_1\"  data-td-block-uid=\"tdi_30_5e1\" >\n<style>\n\/* custom css *\/\n\n\n\/* phone *\/\n@media (max-width: 767px){\n.tdi_30_5e1 .td_block_inner .td-big-grid-scroll .entry-title{\r\n\t\t\t\t\t@mx6f_title\r\n\t\t\t\t}.tdi_30_5e1 .td-big-grid-scroll .td-post-category{\r\n\t\t\t\t\t@mx6f_cat\r\n\t\t\t\t}\n}\n<\/style><div id=tdi_30_5e1 class=\"td_block_inner\"><div class=\"td-big-grid-wrapper\">\r\n        <div class=\"td_module_mx12 td-animation-stack td-big-grid-post-0 td-big-grid-post td-small-thumb\">\r\n            <div class=\"td-module-thumb\"><a href=\"https:\/\/cuizine.be\/fr\/food-is-love-by-le-creuset\/\" rel=\"bookmark\" class=\"td-image-wrap\" title=\"Food is love by Le Creuset\"><img loading=\"lazy\" class=\"entry-thumb\" src=\"data:image\/png;base64,iVBORw0KGgoAAAANSUhEUgAAAWQAAADcAQMAAAB9O0nPAAAAA1BMVEWurq51dlI4AAAAAXRSTlMmkutdmwAAACBJREFUaN7twTEBAAAAwiD7p7bDbmAAAAAAAAAAAABAdieIAAGQh2mWAAAAAElFTkSuQmCC\" alt=\"\" title=\"Food is love by Le Creuset\" data-type=\"image_tag\" data-img-url=\"https:\/\/cuizine.be\/wp-content\/uploads\/2020\/10\/1475144_foodislovebanner-356x220.jpg\"  width=\"356\" height=\"220\" \/><\/a><\/div>            <div class=\"td-meta-info-container\">\r\n                <div class=\"td-meta-align\">\r\n                    <div class=\"td-big-grid-meta\">\r\n                                                <h3 class=\"entry-title td-module-title\"><a href=\"https:\/\/cuizine.be\/fr\/food-is-love-by-le-creuset\/\" rel=\"bookmark\" title=\"Food is love by Le Creuset\">Food is love by Le Creuset<\/a><\/h3>                    <\/div>\r\n                    <div class=\"td-module-meta-info\">\r\n                                                <span class=\"td-post-date\"><time class=\"entry-date updated td-module-date\" datetime=\"2020-10-15T10:51:46+00:00\" >15 Octobre 2020<\/time><\/span>                    <\/div>\r\n                <\/div>\r\n            <\/div>\r\n\r\n        <\/div>\r\n\r\n        <div class=\"td-big-grid-scroll\">\r\n        <div class=\"td_module_mx12 td-animation-stack td-big-grid-post-1 td-big-grid-post td-small-thumb\">\r\n            <div class=\"td-module-thumb\"><a href=\"https:\/\/cuizine.be\/fr\/vergeet-de-latte-theecinno-breekt-deze-winter-helemaal-door\/\" rel=\"bookmark\" class=\"td-image-wrap\" title=\"Oubliez le latte, cet hiver, c&rsquo;est le th\u00e9cinno qui a la cote!\"><img loading=\"lazy\" class=\"entry-thumb\" src=\"data:image\/png;base64,iVBORw0KGgoAAAANSUhEUgAAAWQAAADcAQMAAAB9O0nPAAAAA1BMVEWurq51dlI4AAAAAXRSTlMmkutdmwAAACBJREFUaN7twTEBAAAAwiD7p7bDbmAAAAAAAAAAAABAdieIAAGQh2mWAAAAAElFTkSuQmCC\" alt=\"\" title=\"Oubliez le latte, cet hiver, c&rsquo;est le th\u00e9cinno qui a la cote!\" data-type=\"image_tag\" data-img-url=\"https:\/\/cuizine.be\/wp-content\/uploads\/2019\/10\/SpecialT_StillLife_MasterT_Red_Latte-356x220.jpg\"  width=\"356\" height=\"220\" \/><\/a><\/div>            <div class=\"td-meta-info-container\">\r\n                <div class=\"td-meta-align\">\r\n                    <div class=\"td-big-grid-meta\">\r\n                                                <h3 class=\"entry-title td-module-title\"><a href=\"https:\/\/cuizine.be\/fr\/vergeet-de-latte-theecinno-breekt-deze-winter-helemaal-door\/\" rel=\"bookmark\" title=\"Oubliez le latte, cet hiver, c&rsquo;est le th\u00e9cinno qui a la cote!\">Oubliez le latte, cet hiver, c&rsquo;est le th\u00e9cinno qui a la cote!<\/a><\/h3>                    <\/div>\r\n                    <div class=\"td-module-meta-info\">\r\n                                                <span class=\"td-post-date\"><time class=\"entry-date updated td-module-date\" datetime=\"2019-10-21T11:21:13+00:00\" >21 Octobre 2019<\/time><\/span>                    <\/div>\r\n                <\/div>\r\n            <\/div>\r\n\r\n        <\/div>\r\n\r\n        \r\n        <div class=\"td_module_mx12 td-animation-stack td-big-grid-post-2 td-big-grid-post td-small-thumb\">\r\n            <div class=\"td-module-thumb\"><a href=\"https:\/\/cuizine.be\/fr\/votre-prochain-repas-sera-un-succes-grace-a-kitchenaid-cookware\/\" rel=\"bookmark\" class=\"td-image-wrap\" title=\"Votre prochain repas sera un succ\u00e8s gr\u00e2ce \u00e0 KitchenAid Cookware\"><img loading=\"lazy\" class=\"entry-thumb\" src=\"data:image\/png;base64,iVBORw0KGgoAAAANSUhEUgAAAWQAAADcAQMAAAB9O0nPAAAAA1BMVEWurq51dlI4AAAAAXRSTlMmkutdmwAAACBJREFUaN7twTEBAAAAwiD7p7bDbmAAAAAAAAAAAABAdieIAAGQh2mWAAAAAElFTkSuQmCC\" alt=\"kitchenaid cookware\" title=\"Votre prochain repas sera un succ\u00e8s gr\u00e2ce \u00e0 KitchenAid Cookware\" data-type=\"image_tag\" data-img-url=\"https:\/\/cuizine.be\/wp-content\/uploads\/2016\/12\/Schermafbeelding-2016-12-05-om-00.17.08-356x220.png\"  width=\"356\" height=\"220\" \/><\/a><\/div>            <div class=\"td-meta-info-container\">\r\n                <div class=\"td-meta-align\">\r\n                    <div class=\"td-big-grid-meta\">\r\n                                                <h3 class=\"entry-title td-module-title\"><a href=\"https:\/\/cuizine.be\/fr\/votre-prochain-repas-sera-un-succes-grace-a-kitchenaid-cookware\/\" rel=\"bookmark\" title=\"Votre prochain repas sera un succ\u00e8s gr\u00e2ce \u00e0 KitchenAid Cookware\">Votre prochain repas sera un succ\u00e8s gr\u00e2ce \u00e0 KitchenAid Cookware<\/a><\/h3>                    <\/div>\r\n                    <div class=\"td-module-meta-info\">\r\n                                                <span class=\"td-post-date\"><time class=\"entry-date updated td-module-date\" datetime=\"2016-12-05T10:35:00+00:00\" >5 d\u00e9cembre 2016<\/time><\/span>                    <\/div>\r\n                <\/div>\r\n            <\/div>\r\n\r\n        <\/div>\r\n\r\n        \r\n        <div class=\"td_module_mx6 td-animation-stack td-big-grid-post-3 td-big-grid-post td-small-thumb\">\r\n            <div class=\"td-module-thumb\"><a href=\"https:\/\/cuizine.be\/fr\/testee-la-tarte-tatin-realisee-dans-la-poele-cristel-est-la-meilleure-de-toutes\/\" rel=\"bookmark\" class=\"td-image-wrap\" title=\"Test\u00e9e\u00a0: la tarte Tatin r\u00e9alis\u00e9e dans la po\u00eale Cristel est la meilleure de toutes\u00a0!\"><img loading=\"lazy\" class=\"entry-thumb\" src=\"data:image\/png;base64,iVBORw0KGgoAAAANSUhEUgAAAQkAAADGAQMAAAD7b+fyAAAAA1BMVEWurq51dlI4AAAAAXRSTlMmkutdmwAAAB1JREFUWMPtwQENAAAAwiD7p7bHBwwAAAAAAADSDhsSAAGoWlW2AAAAAElFTkSuQmCC\" alt=\"tarte-tatin-cristel-\" title=\"Test\u00e9e\u00a0: la tarte Tatin r\u00e9alis\u00e9e dans la po\u00eale Cristel est la meilleure de toutes\u00a0!\" data-type=\"image_tag\" data-img-url=\"https:\/\/cuizine.be\/wp-content\/uploads\/2016\/12\/tarte-tatin-cristel--265x198.jpg\"  width=\"265\" height=\"198\" \/><\/a><\/div>            <div class=\"td-meta-info-container\">\r\n                <div class=\"td-meta-align\">\r\n                    <div class=\"td-big-grid-meta\">\r\n                        <a href=\"https:\/\/cuizine.be\/fr\/category\/culinaire\/recettes\/\" class=\"td-post-category\">recettes<\/a>                        <h3 class=\"entry-title td-module-title\"><a href=\"https:\/\/cuizine.be\/fr\/testee-la-tarte-tatin-realisee-dans-la-poele-cristel-est-la-meilleure-de-toutes\/\" rel=\"bookmark\" title=\"Test\u00e9e\u00a0: la tarte Tatin r\u00e9alis\u00e9e dans la po\u00eale Cristel est la meilleure de toutes\u00a0!\">Test\u00e9e\u00a0: la tarte Tatin r\u00e9alis\u00e9e dans la po\u00eale Cristel est la meilleure de toutes\u00a0!<\/a><\/h3>                    <\/div>\r\n                <\/div>\r\n            <\/div>\r\n\r\n        <\/div>\r\n\r\n\r\n        \r\n        <div class=\"td_module_mx6 td-animation-stack td-big-grid-post-4 td-big-grid-post td-small-thumb\">\r\n            <div class=\"td-module-thumb\"><a href=\"https:\/\/cuizine.be\/fr\/idee-de-brunch-des-bagels-maison-croustillants-grace-a-lekue\/\" rel=\"bookmark\" class=\"td-image-wrap\" title=\"Id\u00e9e de brunch\u00a0: des bagels maison croustillants gr\u00e2ce \u00e0 L\u00e9ku\u00e9\"><img loading=\"lazy\" class=\"entry-thumb\" src=\"data:image\/png;base64,iVBORw0KGgoAAAANSUhEUgAAAQkAAADGAQMAAAD7b+fyAAAAA1BMVEWurq51dlI4AAAAAXRSTlMmkutdmwAAAB1JREFUWMPtwQENAAAAwiD7p7bHBwwAAAAAAADSDhsSAAGoWlW2AAAAAElFTkSuQmCC\" alt=\"l\u00e9ku\u00e9 bagels\" title=\"Id\u00e9e de brunch\u00a0: des bagels maison croustillants gr\u00e2ce \u00e0 L\u00e9ku\u00e9\" data-type=\"image_tag\" data-img-url=\"https:\/\/cuizine.be\/wp-content\/uploads\/2016\/10\/lekue-bagels--265x198.jpg\"  width=\"265\" height=\"198\" \/><\/a><\/div>            <div class=\"td-meta-info-container\">\r\n                <div class=\"td-meta-align\">\r\n                    <div class=\"td-big-grid-meta\">\r\n                        <a href=\"https:\/\/cuizine.be\/fr\/category\/culinaire\/\" class=\"td-post-category\">culinaire<\/a>                        <h3 class=\"entry-title td-module-title\"><a href=\"https:\/\/cuizine.be\/fr\/idee-de-brunch-des-bagels-maison-croustillants-grace-a-lekue\/\" rel=\"bookmark\" title=\"Id\u00e9e de brunch\u00a0: des bagels maison croustillants gr\u00e2ce \u00e0 L\u00e9ku\u00e9\">Id\u00e9e de brunch\u00a0: des bagels maison croustillants gr\u00e2ce \u00e0 L\u00e9ku\u00e9<\/a><\/h3>                    <\/div>\r\n                <\/div>\r\n            <\/div>\r\n\r\n        <\/div>\r\n\r\n\r\n        \r\n        <div class=\"td_module_mx6 td-animation-stack td-big-grid-post-5 td-big-grid-post td-small-thumb\">\r\n            <div class=\"td-module-thumb\"><a href=\"https:\/\/cuizine.be\/fr\/ambiente-2016-tendances\/\" rel=\"bookmark\" class=\"td-image-wrap\" title=\"Ambiente 2016: Tendances !\"><img loading=\"lazy\" class=\"entry-thumb\" src=\"data:image\/png;base64,iVBORw0KGgoAAAANSUhEUgAAAQkAAADGAQMAAAD7b+fyAAAAA1BMVEWurq51dlI4AAAAAXRSTlMmkutdmwAAAB1JREFUWMPtwQENAAAAwiD7p7bHBwwAAAAAAADSDhsSAAGoWlW2AAAAAElFTkSuQmCC\" alt=\"\" title=\"Ambiente 2016: Tendances !\" data-type=\"image_tag\" data-img-url=\"https:\/\/cuizine.be\/wp-content\/uploads\/2016\/02\/ambiente-265x198.jpg\"  width=\"265\" height=\"198\" \/><\/a><\/div>            <div class=\"td-meta-info-container\">\r\n                <div class=\"td-meta-align\">\r\n                    <div class=\"td-big-grid-meta\">\r\n                        <a href=\"https:\/\/cuizine.be\/fr\/category\/culinaire\/\" class=\"td-post-category\">culinaire<\/a>                        <h3 class=\"entry-title td-module-title\"><a href=\"https:\/\/cuizine.be\/fr\/ambiente-2016-tendances\/\" rel=\"bookmark\" title=\"Ambiente 2016: Tendances !\">Ambiente 2016: Tendances !<\/a><\/h3>                    <\/div>\r\n                <\/div>\r\n            <\/div>\r\n\r\n        <\/div>\r\n\r\n\r\n        \r\n        <div class=\"td_module_mx6 td-animation-stack td-big-grid-post-6 td-big-grid-post td-small-thumb\">\r\n            <div class=\"td-module-thumb\"><a href=\"https:\/\/cuizine.be\/fr\/application-du-mois-cuisiner-avec-les-promotions\/\" rel=\"bookmark\" class=\"td-image-wrap\" title=\"Application du mois : cuisiner avec les promotions\"><img loading=\"lazy\" class=\"entry-thumb\" src=\"data:image\/png;base64,iVBORw0KGgoAAAANSUhEUgAAAQkAAADGAQMAAAD7b+fyAAAAA1BMVEWurq51dlI4AAAAAXRSTlMmkutdmwAAAB1JREFUWMPtwQENAAAAwiD7p7bHBwwAAAAAAADSDhsSAAGoWlW2AAAAAElFTkSuQmCC\" alt=\"\" title=\"Application du mois : cuisiner avec les promotions\" data-type=\"image_tag\" data-img-url=\"https:\/\/cuizine.be\/wp-content\/uploads\/2016\/02\/kokenmetaanbiedingen-265x198.jpg\"  width=\"265\" height=\"198\" \/><\/a><\/div>            <div class=\"td-meta-info-container\">\r\n                <div class=\"td-meta-align\">\r\n                    <div class=\"td-big-grid-meta\">\r\n                        <a href=\"https:\/\/cuizine.be\/fr\/category\/culinaire\/applications-fr\/\" class=\"td-post-category\">applications<\/a>                        <h3 class=\"entry-title td-module-title\"><a href=\"https:\/\/cuizine.be\/fr\/application-du-mois-cuisiner-avec-les-promotions\/\" rel=\"bookmark\" title=\"Application du mois : cuisiner avec les promotions\">Application du mois : cuisiner avec les promotions<\/a><\/h3>                    <\/div>\r\n                <\/div>\r\n            <\/div>\r\n\r\n        <\/div>\r\n\r\n\r\n        <\/div><\/div><div class=\"clearfix\"><\/div><\/div><\/div> <!-- .\/block --><div class=\"td_block_wrap td_block_7 tdi_31_f56 td_with_ajax_pagination td-pb-border-top td_block_template_1 td-column-3 td_block_padding\"  data-td-block-uid=\"tdi_31_f56\" ><script>var block_tdi_31_f56 = new tdBlock();\nblock_tdi_31_f56.id = \"tdi_31_f56\";\nblock_tdi_31_f56.atts = '{\"custom_title\":\"REVIEWS\",\"tag_slug\":\"test\",\"limit\":\"12\",\"ajax_pagination\":\"next_prev\",\"separator\":\"\",\"custom_url\":\"\",\"block_template_id\":\"\",\"m6_tl\":\"\",\"post_ids\":\"\",\"category_id\":\"\",\"category_ids\":\"\",\"autors_id\":\"\",\"installed_post_types\":\"\",\"sort\":\"\",\"offset\":\"\",\"show_modified_date\":\"\",\"el_class\":\"\",\"td_ajax_filter_type\":\"\",\"td_ajax_filter_ids\":\"\",\"td_filter_default_txt\":\"All\",\"td_ajax_preloading\":\"\",\"f_header_font_header\":\"\",\"f_header_font_title\":\"Block header\",\"f_header_font_settings\":\"\",\"f_header_font_family\":\"\",\"f_header_font_size\":\"\",\"f_header_font_line_height\":\"\",\"f_header_font_style\":\"\",\"f_header_font_weight\":\"\",\"f_header_font_transform\":\"\",\"f_header_font_spacing\":\"\",\"f_header_\":\"\",\"f_ajax_font_title\":\"Ajax categories\",\"f_ajax_font_settings\":\"\",\"f_ajax_font_family\":\"\",\"f_ajax_font_size\":\"\",\"f_ajax_font_line_height\":\"\",\"f_ajax_font_style\":\"\",\"f_ajax_font_weight\":\"\",\"f_ajax_font_transform\":\"\",\"f_ajax_font_spacing\":\"\",\"f_ajax_\":\"\",\"f_more_font_title\":\"Load more button\",\"f_more_font_settings\":\"\",\"f_more_font_family\":\"\",\"f_more_font_size\":\"\",\"f_more_font_line_height\":\"\",\"f_more_font_style\":\"\",\"f_more_font_weight\":\"\",\"f_more_font_transform\":\"\",\"f_more_font_spacing\":\"\",\"f_more_\":\"\",\"m6f_title_font_header\":\"\",\"m6f_title_font_title\":\"Article title\",\"m6f_title_font_settings\":\"\",\"m6f_title_font_family\":\"\",\"m6f_title_font_size\":\"\",\"m6f_title_font_line_height\":\"\",\"m6f_title_font_style\":\"\",\"m6f_title_font_weight\":\"\",\"m6f_title_font_transform\":\"\",\"m6f_title_font_spacing\":\"\",\"m6f_title_\":\"\",\"m6f_cat_font_title\":\"Article category tag\",\"m6f_cat_font_settings\":\"\",\"m6f_cat_font_family\":\"\",\"m6f_cat_font_size\":\"\",\"m6f_cat_font_line_height\":\"\",\"m6f_cat_font_style\":\"\",\"m6f_cat_font_weight\":\"\",\"m6f_cat_font_transform\":\"\",\"m6f_cat_font_spacing\":\"\",\"m6f_cat_\":\"\",\"m6f_meta_font_title\":\"Article meta info\",\"m6f_meta_font_settings\":\"\",\"m6f_meta_font_family\":\"\",\"m6f_meta_font_size\":\"\",\"m6f_meta_font_line_height\":\"\",\"m6f_meta_font_style\":\"\",\"m6f_meta_font_weight\":\"\",\"m6f_meta_font_transform\":\"\",\"m6f_meta_font_spacing\":\"\",\"m6f_meta_\":\"\",\"ajax_pagination_infinite_stop\":\"\",\"css\":\"\",\"tdc_css\":\"\",\"td_column_number\":3,\"header_color\":\"\",\"color_preset\":\"\",\"border_top\":\"\",\"class\":\"tdi_31_f56\",\"tdc_css_class\":\"tdi_31_f56\",\"tdc_css_class_style\":\"tdi_31_f56_rand_style\"}';\nblock_tdi_31_f56.td_column_number = \"3\";\nblock_tdi_31_f56.block_type = \"td_block_7\";\nblock_tdi_31_f56.post_count = \"9\";\nblock_tdi_31_f56.found_posts = \"9\";\nblock_tdi_31_f56.header_color = \"\";\nblock_tdi_31_f56.ajax_pagination_infinite_stop = \"\";\nblock_tdi_31_f56.max_num_pages = \"1\";\ntdBlocksArray.push(block_tdi_31_f56);\n<\/script><div class=\"td-block-title-wrap\"><h4 class=\"block-title td-block-title\"><span class=\"td-pulldown-size\">REVIEWS<\/span><\/h4><\/div><div id=tdi_31_f56 class=\"td_block_inner\">\n\n\t<div class=\"td-block-row\">\n\n\t<div class=\"td-block-span4\">\n\r\n        <div class=\"td_module_6 td_module_wrap td-animation-stack\">\r\n\r\n        <div class=\"td-module-thumb\"><a href=\"https:\/\/cuizine.be\/fr\/teste-tefal-cake-factory-la-patisserie-pour-toute-la-famille\/\" rel=\"bookmark\" class=\"td-image-wrap\" title=\"TEST\u00c9\u00a0: Tefal Cake Factory\u00a0: la p\u00e2tisserie pour toute la famille\"><img loading=\"lazy\" class=\"entry-thumb\" src=\"data:image\/png;base64,iVBORw0KGgoAAAANSUhEUgAAAGQAAABGAQMAAAAASKMqAAAAA1BMVEWurq51dlI4AAAAAXRSTlMmkutdmwAAABBJREFUKM9jGAWjYBQMKwAAA9QAAQWBn6cAAAAASUVORK5CYII=\" alt=\"\" title=\"TEST\u00c9\u00a0: Tefal Cake Factory\u00a0: la p\u00e2tisserie pour toute la famille\" data-type=\"image_tag\" data-img-url=\"https:\/\/cuizine.be\/wp-content\/uploads\/2019\/04\/Frambozengebakjes-uit-de-Tefal-Cake-Factory-100x70.jpg\"  width=\"100\" height=\"70\" \/><\/a><\/div>\r\n        <div class=\"item-details\">\r\n            <h3 class=\"entry-title td-module-title\"><a href=\"https:\/\/cuizine.be\/fr\/teste-tefal-cake-factory-la-patisserie-pour-toute-la-famille\/\" rel=\"bookmark\" title=\"TEST\u00c9\u00a0: Tefal Cake Factory\u00a0: la p\u00e2tisserie pour toute la famille\">TEST\u00c9\u00a0: Tefal Cake Factory\u00a0: la p\u00e2tisserie pour toute la famille<\/a><\/h3>            <div class=\"td-module-meta-info\">\r\n                                                <span class=\"td-post-date\"><time class=\"entry-date updated td-module-date\" datetime=\"2019-04-14T09:58:00+00:00\" >14 avril 2019<\/time><\/span>                            <\/div>\r\n        <\/div>\r\n\r\n        <\/div>\r\n\r\n        \n\t<\/div> <!-- .\/td-block-span4 -->\n\n\t<div class=\"td-block-span4\">\n\r\n        <div class=\"td_module_6 td_module_wrap td-animation-stack\">\r\n\r\n        <div class=\"td-module-thumb\"><a href=\"https:\/\/cuizine.be\/fr\/toujours-le-temps-de-cuisson-ideal-avec-mastrad-controlit-et-meatit\/\" rel=\"bookmark\" class=\"td-image-wrap\" title=\"Toujours le temps de cuisson id\u00e9al avec Mastrad M\u00b0Control et Meat\u00b0it\"><img loading=\"lazy\" class=\"entry-thumb\" src=\"data:image\/png;base64,iVBORw0KGgoAAAANSUhEUgAAAGQAAABGAQMAAAAASKMqAAAAA1BMVEWurq51dlI4AAAAAXRSTlMmkutdmwAAABBJREFUKM9jGAWjYBQMKwAAA9QAAQWBn6cAAAAASUVORK5CYII=\" alt=\"\" title=\"Toujours le temps de cuisson id\u00e9al avec Mastrad M\u00b0Control et Meat\u00b0it\" data-type=\"image_tag\" data-img-url=\"https:\/\/cuizine.be\/wp-content\/uploads\/2019\/03\/Meat\u00b0it-100x70.jpg\"  width=\"100\" height=\"70\" \/><\/a><\/div>\r\n        <div class=\"item-details\">\r\n            <h3 class=\"entry-title td-module-title\"><a href=\"https:\/\/cuizine.be\/fr\/toujours-le-temps-de-cuisson-ideal-avec-mastrad-controlit-et-meatit\/\" rel=\"bookmark\" title=\"Toujours le temps de cuisson id\u00e9al avec Mastrad M\u00b0Control et Meat\u00b0it\">Toujours le temps de cuisson id\u00e9al avec Mastrad M\u00b0Control et Meat\u00b0it<\/a><\/h3>            <div class=\"td-module-meta-info\">\r\n                                                <span class=\"td-post-date\"><time class=\"entry-date updated td-module-date\" datetime=\"2019-03-30T10:38:00+00:00\" >30 mars 2019<\/time><\/span>                            <\/div>\r\n        <\/div>\r\n\r\n        <\/div>\r\n\r\n        \n\t<\/div> <!-- .\/td-block-span4 -->\n\n\t<div class=\"td-block-span4\">\n\r\n        <div class=\"td_module_6 td_module_wrap td-animation-stack\">\r\n\r\n        <div class=\"td-module-thumb\"><a href=\"https:\/\/cuizine.be\/fr\/teste-plus-vite-a-table-avec-lexpress-multi-cooker-de-crock-pot\/\" rel=\"bookmark\" class=\"td-image-wrap\" title=\"Test\u00e9 : Plus vite \u00e0 table avec l&rsquo;Express Multi-Cooker de Crock-Pot\"><img loading=\"lazy\" class=\"entry-thumb\" src=\"data:image\/png;base64,iVBORw0KGgoAAAANSUhEUgAAAGQAAABGAQMAAAAASKMqAAAAA1BMVEWurq51dlI4AAAAAXRSTlMmkutdmwAAABBJREFUKM9jGAWjYBQMKwAAA9QAAQWBn6cAAAAASUVORK5CYII=\" alt=\"\" title=\"Test\u00e9 : Plus vite \u00e0 table avec l&rsquo;Express Multi-Cooker de Crock-Pot\" data-type=\"image_tag\" data-img-url=\"https:\/\/cuizine.be\/wp-content\/uploads\/2018\/12\/Crock-Pot-vooraanzicht-100x70.jpg\"  width=\"100\" height=\"70\" \/><\/a><\/div>\r\n        <div class=\"item-details\">\r\n            <h3 class=\"entry-title td-module-title\"><a href=\"https:\/\/cuizine.be\/fr\/teste-plus-vite-a-table-avec-lexpress-multi-cooker-de-crock-pot\/\" rel=\"bookmark\" title=\"Test\u00e9 : Plus vite \u00e0 table avec l&rsquo;Express Multi-Cooker de Crock-Pot\">Test\u00e9 : Plus vite \u00e0 table avec l&rsquo;Express Multi-Cooker de Crock-Pot<\/a><\/h3>            <div class=\"td-module-meta-info\">\r\n                                                <span class=\"td-post-date\"><time class=\"entry-date updated td-module-date\" datetime=\"2018-12-15T08:48:00+00:00\" >15 d\u00e9cembre 2018<\/time><\/span>                            <\/div>\r\n        <\/div>\r\n\r\n        <\/div>\r\n\r\n        \n\t<\/div> <!-- .\/td-block-span4 --><\/div><!--.\/row-fluid-->\n\n\t<div class=\"td-block-row\">\n\n\t<div class=\"td-block-span4\">\n\r\n        <div class=\"td_module_6 td_module_wrap td-animation-stack\">\r\n\r\n        <div class=\"td-module-thumb\"><a href=\"https:\/\/cuizine.be\/fr\/teste-cuire-avec-la-precision-allemande-dans-les-poeles-de-woll\/\" rel=\"bookmark\" class=\"td-image-wrap\" title=\"Test\u00e9 : Cuire avec la pr\u00e9cision allemande dans les po\u00eales de Woll\"><img loading=\"lazy\" class=\"entry-thumb\" src=\"data:image\/png;base64,iVBORw0KGgoAAAANSUhEUgAAAGQAAABGAQMAAAAASKMqAAAAA1BMVEWurq51dlI4AAAAAXRSTlMmkutdmwAAABBJREFUKM9jGAWjYBQMKwAAA9QAAQWBn6cAAAAASUVORK5CYII=\" alt=\"Woll braadpan\" title=\"Test\u00e9 : Cuire avec la pr\u00e9cision allemande dans les po\u00eales de Woll\" data-type=\"image_tag\" data-img-url=\"https:\/\/cuizine.be\/wp-content\/uploads\/2018\/07\/Woll-braadpan-100x70.jpg\"  width=\"100\" height=\"70\" \/><\/a><\/div>\r\n        <div class=\"item-details\">\r\n            <h3 class=\"entry-title td-module-title\"><a href=\"https:\/\/cuizine.be\/fr\/teste-cuire-avec-la-precision-allemande-dans-les-poeles-de-woll\/\" rel=\"bookmark\" title=\"Test\u00e9 : Cuire avec la pr\u00e9cision allemande dans les po\u00eales de Woll\">Test\u00e9 : Cuire avec la pr\u00e9cision allemande dans les po\u00eales de Woll<\/a><\/h3>            <div class=\"td-module-meta-info\">\r\n                                                <span class=\"td-post-date\"><time class=\"entry-date updated td-module-date\" datetime=\"2018-07-14T08:32:00+00:00\" >14 juillet 2018<\/time><\/span>                            <\/div>\r\n        <\/div>\r\n\r\n        <\/div>\r\n\r\n        \n\t<\/div> <!-- .\/td-block-span4 -->\n\n\t<div class=\"td-block-span4\">\n\r\n        <div class=\"td_module_6 td_module_wrap td-animation-stack\">\r\n\r\n        <div class=\"td-module-thumb\"><a href=\"https:\/\/cuizine.be\/fr\/teste-le-bloc-a-couteaux-opinel-pour-toujours-avoir-le-bon-couteau-sous-la-main\/\" rel=\"bookmark\" class=\"td-image-wrap\" title=\"Test\u00e9 : le bloc \u00e0 couteaux Opinel, pour toujours avoir le bon couteau sous la main\"><img loading=\"lazy\" class=\"entry-thumb\" src=\"data:image\/png;base64,iVBORw0KGgoAAAANSUhEUgAAAGQAAABGAQMAAAAASKMqAAAAA1BMVEWurq51dlI4AAAAAXRSTlMmkutdmwAAABBJREFUKM9jGAWjYBQMKwAAA9QAAQWBn6cAAAAASUVORK5CYII=\" alt=\"\" title=\"Test\u00e9 : le bloc \u00e0 couteaux Opinel, pour toujours avoir le bon couteau sous la main\" data-type=\"image_tag\" data-img-url=\"https:\/\/cuizine.be\/wp-content\/uploads\/2018\/07\/Opinel-messenblok-100x70.jpg\"  width=\"100\" height=\"70\" \/><\/a><\/div>\r\n        <div class=\"item-details\">\r\n            <h3 class=\"entry-title td-module-title\"><a href=\"https:\/\/cuizine.be\/fr\/teste-le-bloc-a-couteaux-opinel-pour-toujours-avoir-le-bon-couteau-sous-la-main\/\" rel=\"bookmark\" title=\"Test\u00e9 : le bloc \u00e0 couteaux Opinel, pour toujours avoir le bon couteau sous la main\">Test\u00e9 : le bloc \u00e0 couteaux Opinel, pour toujours avoir le bon couteau sous...<\/a><\/h3>            <div class=\"td-module-meta-info\">\r\n                                                <span class=\"td-post-date\"><time class=\"entry-date updated td-module-date\" datetime=\"2018-07-07T09:17:00+00:00\" >7 juillet 2018<\/time><\/span>                            <\/div>\r\n        <\/div>\r\n\r\n        <\/div>\r\n\r\n        \n\t<\/div> <!-- .\/td-block-span4 -->\n\n\t<div class=\"td-block-span4\">\n\r\n        <div class=\"td_module_6 td_module_wrap td-animation-stack\">\r\n\r\n        <div class=\"td-module-thumb\"><a href=\"https:\/\/cuizine.be\/fr\/teste-cuisiner-ecologique-avec-le-bio-inox-cook-drain\/\" rel=\"bookmark\" class=\"td-image-wrap\" title=\"TEST\u00c9\u00a0: Cuisiner \u00e9cologique avec le Bio Inox Cook &#038; Drain\"><img loading=\"lazy\" class=\"entry-thumb\" src=\"data:image\/png;base64,iVBORw0KGgoAAAANSUhEUgAAAGQAAABGAQMAAAAASKMqAAAAA1BMVEWurq51dlI4AAAAAXRSTlMmkutdmwAAABBJREFUKM9jGAWjYBQMKwAAA9QAAQWBn6cAAAAASUVORK5CYII=\" alt=\"\" title=\"TEST\u00c9\u00a0: Cuisiner \u00e9cologique avec le Bio Inox Cook &#038; Drain\" data-type=\"image_tag\" data-img-url=\"https:\/\/cuizine.be\/wp-content\/uploads\/2018\/04\/Bio-Inox-Cook-Drain-kookpot-100x70.jpg\"  width=\"100\" height=\"70\" \/><\/a><\/div>\r\n        <div class=\"item-details\">\r\n            <h3 class=\"entry-title td-module-title\"><a href=\"https:\/\/cuizine.be\/fr\/teste-cuisiner-ecologique-avec-le-bio-inox-cook-drain\/\" rel=\"bookmark\" title=\"TEST\u00c9\u00a0: Cuisiner \u00e9cologique avec le Bio Inox Cook &#038; Drain\">TEST\u00c9\u00a0: Cuisiner \u00e9cologique avec le Bio Inox Cook &#038; Drain<\/a><\/h3>            <div class=\"td-module-meta-info\">\r\n                                                <span class=\"td-post-date\"><time class=\"entry-date updated td-module-date\" datetime=\"2018-04-14T09:09:00+00:00\" >14 avril 2018<\/time><\/span>                            <\/div>\r\n        <\/div>\r\n\r\n        <\/div>\r\n\r\n        \n\t<\/div> <!-- .\/td-block-span4 --><\/div><!--.\/row-fluid-->\n\n\t<div class=\"td-block-row\">\n\n\t<div class=\"td-block-span4\">\n\r\n        <div class=\"td_module_6 td_module_wrap td-animation-stack\">\r\n\r\n        <div class=\"td-module-thumb\"><a href=\"https:\/\/cuizine.be\/fr\/testes-et-approuves-les-excellents-couteaux-de-table-jean-dubost\/\" rel=\"bookmark\" class=\"td-image-wrap\" title=\"Test\u00e9s et approuv\u00e9s\u00a0: les excellents couteaux de table Jean Dubost\"><img loading=\"lazy\" class=\"entry-thumb\" src=\"data:image\/png;base64,iVBORw0KGgoAAAANSUhEUgAAAGQAAABGAQMAAAAASKMqAAAAA1BMVEWurq51dlI4AAAAAXRSTlMmkutdmwAAABBJREFUKM9jGAWjYBQMKwAAA9QAAQWBn6cAAAAASUVORK5CYII=\" alt=\"jean-dubost\" title=\"Test\u00e9s et approuv\u00e9s\u00a0: les excellents couteaux de table Jean Dubost\" data-type=\"image_tag\" data-img-url=\"https:\/\/cuizine.be\/wp-content\/uploads\/2016\/11\/jean-dubost--100x70.jpg\"  width=\"100\" height=\"70\" \/><\/a><\/div>\r\n        <div class=\"item-details\">\r\n            <h3 class=\"entry-title td-module-title\"><a href=\"https:\/\/cuizine.be\/fr\/testes-et-approuves-les-excellents-couteaux-de-table-jean-dubost\/\" rel=\"bookmark\" title=\"Test\u00e9s et approuv\u00e9s\u00a0: les excellents couteaux de table Jean Dubost\">Test\u00e9s et approuv\u00e9s\u00a0: les excellents couteaux de table Jean Dubost<\/a><\/h3>            <div class=\"td-module-meta-info\">\r\n                                                <span class=\"td-post-date\"><time class=\"entry-date updated td-module-date\" datetime=\"2016-11-17T12:33:51+00:00\" >17 novembre 2016<\/time><\/span>                            <\/div>\r\n        <\/div>\r\n\r\n        <\/div>\r\n\r\n        \n\t<\/div> <!-- .\/td-block-span4 -->\n\n\t<div class=\"td-block-span4\">\n\r\n        <div class=\"td_module_6 td_module_wrap td-animation-stack\">\r\n\r\n        <div class=\"td-module-thumb\"><a href=\"https:\/\/cuizine.be\/fr\/testee-la-tarte-tatin-realisee-dans-la-poele-cristel-est-la-meilleure-de-toutes\/\" rel=\"bookmark\" class=\"td-image-wrap\" title=\"Test\u00e9e\u00a0: la tarte Tatin r\u00e9alis\u00e9e dans la po\u00eale Cristel est la meilleure de toutes\u00a0!\"><img loading=\"lazy\" class=\"entry-thumb\" src=\"data:image\/png;base64,iVBORw0KGgoAAAANSUhEUgAAAGQAAABGAQMAAAAASKMqAAAAA1BMVEWurq51dlI4AAAAAXRSTlMmkutdmwAAABBJREFUKM9jGAWjYBQMKwAAA9QAAQWBn6cAAAAASUVORK5CYII=\" alt=\"tarte-tatin-cristel-\" title=\"Test\u00e9e\u00a0: la tarte Tatin r\u00e9alis\u00e9e dans la po\u00eale Cristel est la meilleure de toutes\u00a0!\" data-type=\"image_tag\" data-img-url=\"https:\/\/cuizine.be\/wp-content\/uploads\/2016\/12\/tarte-tatin-cristel--100x70.jpg\"  width=\"100\" height=\"70\" \/><\/a><\/div>\r\n        <div class=\"item-details\">\r\n            <h3 class=\"entry-title td-module-title\"><a href=\"https:\/\/cuizine.be\/fr\/testee-la-tarte-tatin-realisee-dans-la-poele-cristel-est-la-meilleure-de-toutes\/\" rel=\"bookmark\" title=\"Test\u00e9e\u00a0: la tarte Tatin r\u00e9alis\u00e9e dans la po\u00eale Cristel est la meilleure de toutes\u00a0!\">Test\u00e9e\u00a0: la tarte Tatin r\u00e9alis\u00e9e dans la po\u00eale Cristel est la meilleure de toutes\u00a0!<\/a><\/h3>            <div class=\"td-module-meta-info\">\r\n                                                <span class=\"td-post-date\"><time class=\"entry-date updated td-module-date\" datetime=\"2016-11-03T10:48:07+00:00\" >3 novembre 2016<\/time><\/span>                            <\/div>\r\n        <\/div>\r\n\r\n        <\/div>\r\n\r\n        \n\t<\/div> <!-- .\/td-block-span4 -->\n\n\t<div class=\"td-block-span4\">\n\r\n        <div class=\"td_module_6 td_module_wrap td-animation-stack\">\r\n\r\n        <div class=\"td-module-thumb\"><a href=\"https:\/\/cuizine.be\/fr\/test-easy-soup-de-moulinex\/\" rel=\"bookmark\" class=\"td-image-wrap\" title=\"Test : Easy Soup de Moulinex\"><img loading=\"lazy\" class=\"entry-thumb\" src=\"data:image\/png;base64,iVBORw0KGgoAAAANSUhEUgAAAGQAAABGAQMAAAAASKMqAAAAA1BMVEWurq51dlI4AAAAAXRSTlMmkutdmwAAABBJREFUKM9jGAWjYBQMKwAAA9QAAQWBn6cAAAAASUVORK5CYII=\" alt=\"\" title=\"Test : Easy Soup de Moulinex\" data-type=\"image_tag\" data-img-url=\"https:\/\/cuizine.be\/wp-content\/uploads\/2016\/01\/Moulinex-Easy-SOup-100x70.jpg\"  width=\"100\" height=\"70\" \/><\/a><\/div>\r\n        <div class=\"item-details\">\r\n            <h3 class=\"entry-title td-module-title\"><a href=\"https:\/\/cuizine.be\/fr\/test-easy-soup-de-moulinex\/\" rel=\"bookmark\" title=\"Test : Easy Soup de Moulinex\">Test : Easy Soup de Moulinex<\/a><\/h3>            <div class=\"td-module-meta-info\">\r\n                                                <span class=\"td-post-date\"><time class=\"entry-date updated td-module-date\" datetime=\"2014-12-15T14:20:32+00:00\" >15 d\u00e9cembre 2014<\/time><\/span>                            <\/div>\r\n        <\/div>\r\n\r\n        <\/div>\r\n\r\n        \n\t<\/div> <!-- .\/td-block-span4 --><\/div><!--.\/row-fluid--><\/div><div class=\"td-next-prev-wrap\"><a href=\"#\" class=\"td-ajax-prev-page ajax-page-disabled\" id=\"prev-page-tdi_31_f56\" data-td_block_id=\"tdi_31_f56\"><i class=\"td-icon-font td-icon-menu-left\"><\/i><\/a><a href=\"#\"  class=\"td-ajax-next-page ajax-page-disabled\" id=\"next-page-tdi_31_f56\" data-td_block_id=\"tdi_31_f56\"><i class=\"td-icon-font td-icon-menu-right\"><\/i><\/a><\/div><\/div> <!-- .\/block --><\/div><\/div><\/div><\/div><div id=\"tdi_32_f96\" class=\"tdc-row stretch_row_content td-stretch-content\"><div class=\"vc_row tdi_33_ee6  wpb_row td-pb-row\" >\n<style scoped>\n\n\/* custom css *\/\n.tdi_33_ee6{\r\n                    min-height: 0;\r\n                }\n<\/style><div class=\"vc_column tdi_35_919  wpb_column vc_column_container tdc-column td-pb-span12\">\n<style scoped>\n\n\/* custom css *\/\n.tdi_35_919{\r\n                    vertical-align: baseline;\r\n                }\n<\/style><div class=\"wpb_wrapper\"><\/div><\/div><\/div><\/div><\/div><\/div>","protected":false},"excerpt":{"rendered":"","protected":false},"author":2,"featured_media":0,"parent":0,"menu_order":0,"comment_status":"closed","ping_status":"closed","template":"","meta":{"tdm_status":"","tdm_grid_status":"","footnotes":""},"class_list":["post-24581","page","type-page","status-publish"],"yoast_head":"<!-- This site is optimized with the Yoast SEO plugin v26.2 - https:\/\/yoast.com\/wordpress\/plugins\/seo\/ -->\n<title>Home<\/title>\n<meta name=\"description\" content=\"Koken en al wat daar rond valt, is het hoofdthema op cuizine. Zowel de enthousiaste hobbykok als iemand van wie de vaatwasser aan vervanging toe is.\" \/>\n<meta name=\"robots\" content=\"index, follow, max-snippet:-1, max-image-preview:large, max-video-preview:-1\" \/>\n<link rel=\"canonical\" href=\"https:\/\/cuizine.be\/fr\/\" \/>\n<meta property=\"og:locale\" content=\"fr_FR\" \/>\n<meta property=\"og:type\" content=\"article\" \/>\n<meta property=\"og:title\" content=\"Home\" \/>\n<meta property=\"og:description\" content=\"Koken en al wat daar rond valt, is het hoofdthema op cuizine. Zowel de enthousiaste hobbykok als iemand van wie de vaatwasser aan vervanging toe is.\" \/>\n<meta property=\"og:url\" content=\"https:\/\/cuizine.be\/fr\/\" \/>\n<meta property=\"og:site_name\" content=\"cuizine.be\" \/>\n<meta property=\"article:publisher\" content=\"https:\/\/www.facebook.com\/cuizinebe\/\" \/>\n<meta property=\"article:modified_time\" content=\"2019-12-09T13:25:32+00:00\" \/>\n<meta name=\"twitter:label1\" content=\"Dur\u00e9e de lecture estim\u00e9e\" \/>\n\t<meta name=\"twitter:data1\" content=\"1 minute\" \/>\n<script type=\"application\/ld+json\" class=\"yoast-schema-graph\">{\"@context\":\"https:\/\/schema.org\",\"@graph\":[{\"@type\":\"WebPage\",\"@id\":\"https:\/\/cuizine.be\/fr\/\",\"url\":\"https:\/\/cuizine.be\/fr\/\",\"name\":\"Home\",\"isPartOf\":{\"@id\":\"https:\/\/cuizine.be\/#website\"},\"datePublished\":\"2014-09-24T20:42:03+00:00\",\"dateModified\":\"2019-12-09T13:25:32+00:00\",\"description\":\"Koken en al wat daar rond valt, is het hoofdthema op cuizine. Zowel de enthousiaste hobbykok als iemand van wie de vaatwasser aan vervanging toe is.\",\"breadcrumb\":{\"@id\":\"https:\/\/cuizine.be\/fr\/#breadcrumb\"},\"inLanguage\":\"fr-FR\",\"potentialAction\":[{\"@type\":\"ReadAction\",\"target\":[\"https:\/\/cuizine.be\/fr\/\"]}]},{\"@type\":\"BreadcrumbList\",\"@id\":\"https:\/\/cuizine.be\/fr\/#breadcrumb\",\"itemListElement\":[{\"@type\":\"ListItem\",\"position\":1,\"name\":\"Home\",\"item\":\"https:\/\/cuizine.be\/fr\/\"},{\"@type\":\"ListItem\",\"position\":2,\"name\":\"Home\"}]},{\"@type\":\"WebSite\",\"@id\":\"https:\/\/cuizine.be\/#website\",\"url\":\"https:\/\/cuizine.be\/\",\"name\":\"cuizine.be\",\"description\":\"we really love cooking\",\"potentialAction\":[{\"@type\":\"SearchAction\",\"target\":{\"@type\":\"EntryPoint\",\"urlTemplate\":\"https:\/\/cuizine.be\/?s={search_term_string}\"},\"query-input\":{\"@type\":\"PropertyValueSpecification\",\"valueRequired\":true,\"valueName\":\"search_term_string\"}}],\"inLanguage\":\"fr-FR\"}]}<\/script>\n<!-- \/ Yoast SEO plugin. -->","yoast_head_json":{"title":"Home","description":"Koken en al wat daar rond valt, is het hoofdthema op cuizine. Zowel de enthousiaste hobbykok als iemand van wie de vaatwasser aan vervanging toe is.","robots":{"index":"index","follow":"follow","max-snippet":"max-snippet:-1","max-image-preview":"max-image-preview:large","max-video-preview":"max-video-preview:-1"},"canonical":"https:\/\/cuizine.be\/fr\/","og_locale":"fr_FR","og_type":"article","og_title":"Home","og_description":"Koken en al wat daar rond valt, is het hoofdthema op cuizine. Zowel de enthousiaste hobbykok als iemand van wie de vaatwasser aan vervanging toe is.","og_url":"https:\/\/cuizine.be\/fr\/","og_site_name":"cuizine.be","article_publisher":"https:\/\/www.facebook.com\/cuizinebe\/","article_modified_time":"2019-12-09T13:25:32+00:00","twitter_misc":{"Dur\u00e9e de lecture estim\u00e9e":"1 minute"},"schema":{"@context":"https:\/\/schema.org","@graph":[{"@type":"WebPage","@id":"https:\/\/cuizine.be\/fr\/","url":"https:\/\/cuizine.be\/fr\/","name":"Home","isPartOf":{"@id":"https:\/\/cuizine.be\/#website"},"datePublished":"2014-09-24T20:42:03+00:00","dateModified":"2019-12-09T13:25:32+00:00","description":"Koken en al wat daar rond valt, is het hoofdthema op cuizine. Zowel de enthousiaste hobbykok als iemand van wie de vaatwasser aan vervanging toe is.","breadcrumb":{"@id":"https:\/\/cuizine.be\/fr\/#breadcrumb"},"inLanguage":"fr-FR","potentialAction":[{"@type":"ReadAction","target":["https:\/\/cuizine.be\/fr\/"]}]},{"@type":"BreadcrumbList","@id":"https:\/\/cuizine.be\/fr\/#breadcrumb","itemListElement":[{"@type":"ListItem","position":1,"name":"Home","item":"https:\/\/cuizine.be\/fr\/"},{"@type":"ListItem","position":2,"name":"Home"}]},{"@type":"WebSite","@id":"https:\/\/cuizine.be\/#website","url":"https:\/\/cuizine.be\/","name":"cuizine.be","description":"we really love cooking","potentialAction":[{"@type":"SearchAction","target":{"@type":"EntryPoint","urlTemplate":"https:\/\/cuizine.be\/?s={search_term_string}"},"query-input":{"@type":"PropertyValueSpecification","valueRequired":true,"valueName":"search_term_string"}}],"inLanguage":"fr-FR"}]}},"amp_enabled":false,"_links":{"self":[{"href":"https:\/\/cuizine.be\/fr\/wp-json\/wp\/v2\/pages\/24581\/"}],"collection":[{"href":"https:\/\/cuizine.be\/fr\/wp-json\/wp\/v2\/pages\/"}],"about":[{"href":"https:\/\/cuizine.be\/fr\/wp-json\/wp\/v2\/types\/page\/"}],"author":[{"embeddable":true,"href":"https:\/\/cuizine.be\/fr\/wp-json\/wp\/v2\/users\/2\/"}],"replies":[{"embeddable":true,"href":"https:\/\/cuizine.be\/fr\/wp-json\/wp\/v2\/comments\/?post=24581"}],"version-history":[{"count":32,"href":"https:\/\/cuizine.be\/fr\/wp-json\/wp\/v2\/pages\/24581\/revisions\/"}],"predecessor-version":[{"id":32936,"href":"https:\/\/cuizine.be\/fr\/wp-json\/wp\/v2\/pages\/24581\/revisions\/32936\/"}],"wp:attachment":[{"href":"https:\/\/cuizine.be\/fr\/wp-json\/wp\/v2\/media\/?parent=24581"}],"curies":[{"name":"wp","href":"https:\/\/api.w.org\/{rel}","templated":true}]}}